{"id":595,"date":"2022-11-09T23:14:46","date_gmt":"2022-11-09T23:14:46","guid":{"rendered":"http:\/\/rmelecom.com\/?page_id=595"},"modified":"2024-07-02T11:36:39","modified_gmt":"2024-07-02T11:36:39","slug":"noticias","status":"publish","type":"page","link":"https:\/\/rmelecom.com\/en\/noticias\/","title":{"rendered":"News"},"content":{"rendered":"\t\t<div data-elementor-type=\"wp-page\" data-elementor-id=\"595\" class=\"elementor elementor-595\" data-elementor-post-type=\"page\">\n\t\t\t\t\t\t<section class=\"elementor-section elementor-top-section elementor-element elementor-element-c2325e5 elementor-section-full_width elementor-section-height-min-height elementor-section-height-default elementor-section-items-middle\" data-id=\"c2325e5\" data-element_type=\"section\" data-settings=\"{&quot;background_background&quot;:&quot;classic&quot;,&quot;background_motion_fx_motion_fx_scrolling&quot;:&quot;yes&quot;,&quot;background_motion_fx_translateY_effect&quot;:&quot;yes&quot;,&quot;background_motion_fx_translateY_speed&quot;:{&quot;unit&quot;:&quot;px&quot;,&quot;size&quot;:6.2999999999999998,&quot;sizes&quot;:[]},&quot;background_motion_fx_translateY_affectedRange&quot;:{&quot;unit&quot;:&quot;%&quot;,&quot;size&quot;:&quot;&quot;,&quot;sizes&quot;:{&quot;start&quot;:0,&quot;end&quot;:100}},&quot;background_motion_fx_devices&quot;:[&quot;desktop&quot;,&quot;tablet&quot;,&quot;mobile&quot;]}\">\n\t\t\t\t\t\t<div class=\"elementor-container elementor-column-gap-default\">\n\t\t\t\t\t<div class=\"elementor-column elementor-col-100 elementor-top-column elementor-element elementor-element-f83f970\" data-id=\"f83f970\" data-element_type=\"column\">\n\t\t\t<div class=\"elementor-widget-wrap elementor-element-populated\">\n\t\t\t\t\t\t<div class=\"elementor-element elementor-element-3181c9e elementor-invisible elementor-widget elementor-widget-heading\" data-id=\"3181c9e\" data-element_type=\"widget\" data-settings=\"{&quot;_animation&quot;:&quot;fadeIn&quot;}\" data-widget_type=\"heading.default\">\n\t\t\t\t<div class=\"elementor-widget-container\">\n\t\t\t\t\t<h2 class=\"elementor-heading-title elementor-size-default\">Noticias<\/h2>\t\t\t\t<\/div>\n\t\t\t\t<\/div>\n\t\t\t\t\t<\/div>\n\t\t<\/div>\n\t\t\t\t\t<\/div>\n\t\t<\/section>\n\t\t\t\t<section class=\"elementor-section elementor-top-section elementor-element elementor-element-e067da7 elementor-section-full_width elementor-section-height-default elementor-section-height-default\" data-id=\"e067da7\" data-element_type=\"section\">\n\t\t\t\t\t\t<div class=\"elementor-container elementor-column-gap-default\">\n\t\t\t\t\t<div class=\"elementor-column elementor-col-100 elementor-top-column elementor-element elementor-element-981b8aa\" data-id=\"981b8aa\" data-element_type=\"column\">\n\t\t\t<div class=\"elementor-widget-wrap elementor-element-populated\">\n\t\t\t\t\t\t<div class=\"elementor-element elementor-element-88a3b6a elementor-posts--align-left elementor-grid-3 elementor-grid-tablet-2 elementor-grid-mobile-1 elementor-posts--thumbnail-top elementor-card-shadow-yes elementor-posts__hover-gradient elementor-widget elementor-widget-posts\" data-id=\"88a3b6a\" data-element_type=\"widget\" data-settings=\"{&quot;cards_columns&quot;:&quot;3&quot;,&quot;cards_columns_tablet&quot;:&quot;2&quot;,&quot;cards_columns_mobile&quot;:&quot;1&quot;,&quot;cards_row_gap&quot;:{&quot;unit&quot;:&quot;px&quot;,&quot;size&quot;:35,&quot;sizes&quot;:[]},&quot;cards_row_gap_tablet&quot;:{&quot;unit&quot;:&quot;px&quot;,&quot;size&quot;:&quot;&quot;,&quot;sizes&quot;:[]},&quot;cards_row_gap_mobile&quot;:{&quot;unit&quot;:&quot;px&quot;,&quot;size&quot;:&quot;&quot;,&quot;sizes&quot;:[]}}\" data-widget_type=\"posts.cards\">\n\t\t\t\t<div class=\"elementor-widget-container\">\n\t\t\t\t\t\t\t<div class=\"elementor-posts-container elementor-posts elementor-posts--skin-cards elementor-grid\">\n\t\t\t\t<article class=\"elementor-post elementor-grid-item post-2755 post type-post status-publish format-standard has-post-thumbnail hentry category-baterias\">\n\t\t\t<div class=\"elementor-post__card\">\n\t\t\t\t<a class=\"elementor-post__thumbnail__link\" href=\"https:\/\/rmelecom.com\/en\/elegir-la-bateria-perfecta-para-tu-silla-de-ruedas-electrica\/\" tabindex=\"-1\" ><div class=\"elementor-post__thumbnail\"><img fetchpriority=\"high\" decoding=\"async\" width=\"300\" height=\"210\" src=\"https:\/\/rmelecom.com\/wp-content\/uploads\/2025\/01\/pbev-post-300x210.png\" class=\"attachment-medium size-medium wp-image-2756\" alt=\"\" srcset=\"https:\/\/rmelecom.com\/wp-content\/uploads\/2025\/01\/pbev-post-300x210.png 300w, https:\/\/rmelecom.com\/wp-content\/uploads\/2025\/01\/pbev-post-1024x717.png 1024w, https:\/\/rmelecom.com\/wp-content\/uploads\/2025\/01\/pbev-post-768x538.png 768w, https:\/\/rmelecom.com\/wp-content\/uploads\/2025\/01\/pbev-post-1536x1076.png 1536w, https:\/\/rmelecom.com\/wp-content\/uploads\/2025\/01\/pbev-post-2048x1435.png 2048w, https:\/\/rmelecom.com\/wp-content\/uploads\/2025\/01\/pbev-post-18x12.png 18w\" sizes=\"(max-width: 300px) 100vw, 300px\" \/><\/div><\/a>\n\t\t\t\t<div class=\"elementor-post__badge\">BATERIAS<\/div>\n\t\t\t\t<div class=\"elementor-post__text\">\n\t\t\t\t<h3 class=\"elementor-post__title\">\n\t\t\t<a href=\"https:\/\/rmelecom.com\/en\/elegir-la-bateria-perfecta-para-tu-silla-de-ruedas-electrica\/\" >\n\t\t\t\tC\u00f3mo elegir la bater\u00eda perfecta para tu silla de ruedas el\u00e9ctrica: Soluciones confiables con Premium Battery\t\t\t<\/a>\n\t\t<\/h3>\n\t\t\t\t<div class=\"elementor-post__excerpt\">\n\t\t\t<p>Elegir la bater\u00eda correcta para tu silla de ruedas el\u00e9ctrica es esencial para disfrutar de un rendimiento \u00f3ptimo y una mayor autonom\u00eda. Nuestros clientes nos<\/p>\n\t\t<\/div>\n\t\t\n\t\t<a class=\"elementor-post__read-more\" href=\"https:\/\/rmelecom.com\/en\/elegir-la-bateria-perfecta-para-tu-silla-de-ruedas-electrica\/\" aria-label=\"Read more about C\u00f3mo elegir la bater\u00eda perfecta para tu silla de ruedas el\u00e9ctrica: Soluciones confiables con Premium Battery\" tabindex=\"-1\" >\n\t\t\tLeer m\u00e1s \u00bb\t\t<\/a>\n\n\t\t\t\t<\/div>\n\t\t\t\t<div class=\"elementor-post__meta-data\">\n\t\t\t\t\t<span class=\"elementor-post-date\">\n\t\t\t28 de January de 2025\t\t<\/span>\n\t\t\t\t<\/div>\n\t\t\t\t\t<\/div>\n\t\t<\/article>\n\t\t\t\t<article class=\"elementor-post elementor-grid-item post-2747 post type-post status-publish format-standard has-post-thumbnail hentry category-hitos\">\n\t\t\t<div class=\"elementor-post__card\">\n\t\t\t\t<a class=\"elementor-post__thumbnail__link\" href=\"https:\/\/rmelecom.com\/en\/como-reciclar-correctamente-las-baterias-agm-y-de-gel-una-guia-esencial\/\" tabindex=\"-1\" ><div class=\"elementor-post__thumbnail\"><img decoding=\"async\" width=\"300\" height=\"210\" data-src=\"https:\/\/rmelecom.com\/wp-content\/uploads\/2025\/01\/Frame-374-300x210.png\" class=\"attachment-medium size-medium wp-image-2748 lazyload\" alt=\"\" data-srcset=\"https:\/\/rmelecom.com\/wp-content\/uploads\/2025\/01\/Frame-374-300x210.png 300w, https:\/\/rmelecom.com\/wp-content\/uploads\/2025\/01\/Frame-374-1024x718.png 1024w, https:\/\/rmelecom.com\/wp-content\/uploads\/2025\/01\/Frame-374-768x538.png 768w, https:\/\/rmelecom.com\/wp-content\/uploads\/2025\/01\/Frame-374-1536x1076.png 1536w, https:\/\/rmelecom.com\/wp-content\/uploads\/2025\/01\/Frame-374-2048x1435.png 2048w, https:\/\/rmelecom.com\/wp-content\/uploads\/2025\/01\/Frame-374-18x12.png 18w\" data-sizes=\"(max-width: 300px) 100vw, 300px\" src=\"data:image\/svg+xml;base64,PHN2ZyB3aWR0aD0iMSIgaGVpZ2h0PSIxIiB4bWxucz0iaHR0cDovL3d3dy53My5vcmcvMjAwMC9zdmciPjwvc3ZnPg==\" style=\"--smush-placeholder-width: 300px; --smush-placeholder-aspect-ratio: 300\/210;\" \/><\/div><\/a>\n\t\t\t\t<div class=\"elementor-post__badge\">HITOS<\/div>\n\t\t\t\t<div class=\"elementor-post__text\">\n\t\t\t\t<h3 class=\"elementor-post__title\">\n\t\t\t<a href=\"https:\/\/rmelecom.com\/en\/como-reciclar-correctamente-las-baterias-agm-y-de-gel-una-guia-esencial\/\" >\n\t\t\t\tC\u00f3mo Reciclar Correctamente las Bater\u00edas AGM y de Gel: Una Gu\u00eda Esencial\t\t\t<\/a>\n\t\t<\/h3>\n\t\t\t\t<div class=\"elementor-post__excerpt\">\n\t\t\t<p>Las bater\u00edas AGM y de gel son componentes fundamentales en sistemas energ\u00e9ticos, veh\u00edculos y equipos electr\u00f3nicos. Sin embargo, cuando llegan al final de su vida<\/p>\n\t\t<\/div>\n\t\t\n\t\t<a class=\"elementor-post__read-more\" href=\"https:\/\/rmelecom.com\/en\/como-reciclar-correctamente-las-baterias-agm-y-de-gel-una-guia-esencial\/\" aria-label=\"Read more about C\u00f3mo Reciclar Correctamente las Bater\u00edas AGM y de Gel: Una Gu\u00eda Esencial\" tabindex=\"-1\" >\n\t\t\tLeer m\u00e1s \u00bb\t\t<\/a>\n\n\t\t\t\t<\/div>\n\t\t\t\t<div class=\"elementor-post__meta-data\">\n\t\t\t\t\t<span class=\"elementor-post-date\">\n\t\t\t9 de January de 2025\t\t<\/span>\n\t\t\t\t<\/div>\n\t\t\t\t\t<\/div>\n\t\t<\/article>\n\t\t\t\t<article class=\"elementor-post elementor-grid-item post-2726 post type-post status-publish format-standard has-post-thumbnail hentry category-hitos\">\n\t\t\t<div class=\"elementor-post__card\">\n\t\t\t\t<a class=\"elementor-post__thumbnail__link\" href=\"https:\/\/rmelecom.com\/en\/cuidados-esenciales-para-prolongar-la-vida-util-de-las-baterias-agm-y-de-gel\/\" tabindex=\"-1\" ><div class=\"elementor-post__thumbnail\"><img decoding=\"async\" width=\"300\" height=\"190\" data-src=\"https:\/\/rmelecom.com\/wp-content\/uploads\/2024\/12\/Frame-371-1-300x190.png\" class=\"attachment-medium size-medium wp-image-2732 lazyload\" alt=\"\" data-srcset=\"https:\/\/rmelecom.com\/wp-content\/uploads\/2024\/12\/Frame-371-1-300x190.png 300w, https:\/\/rmelecom.com\/wp-content\/uploads\/2024\/12\/Frame-371-1-1024x649.png 1024w, https:\/\/rmelecom.com\/wp-content\/uploads\/2024\/12\/Frame-371-1-768x487.png 768w, https:\/\/rmelecom.com\/wp-content\/uploads\/2024\/12\/Frame-371-1-1536x973.png 1536w, https:\/\/rmelecom.com\/wp-content\/uploads\/2024\/12\/Frame-371-1-18x12.png 18w, https:\/\/rmelecom.com\/wp-content\/uploads\/2024\/12\/Frame-371-1.png 1944w\" data-sizes=\"(max-width: 300px) 100vw, 300px\" src=\"data:image\/svg+xml;base64,PHN2ZyB3aWR0aD0iMSIgaGVpZ2h0PSIxIiB4bWxucz0iaHR0cDovL3d3dy53My5vcmcvMjAwMC9zdmciPjwvc3ZnPg==\" style=\"--smush-placeholder-width: 300px; --smush-placeholder-aspect-ratio: 300\/190;\" \/><\/div><\/a>\n\t\t\t\t<div class=\"elementor-post__badge\">HITOS<\/div>\n\t\t\t\t<div class=\"elementor-post__text\">\n\t\t\t\t<h3 class=\"elementor-post__title\">\n\t\t\t<a href=\"https:\/\/rmelecom.com\/en\/cuidados-esenciales-para-prolongar-la-vida-util-de-las-baterias-agm-y-de-gel\/\" >\n\t\t\t\tCuidados Esenciales para Prolongar la Vida \u00datil de las Bater\u00edas AGM y de Gel\t\t\t<\/a>\n\t\t<\/h3>\n\t\t\t\t<div class=\"elementor-post__excerpt\">\n\t\t\t<p>Las bater\u00edas AGM y de Gel ofrecen una excelente durabilidad, pero requieren un mantenimiento adecuado para maximizar su rendimiento. Alarga su vida \u00fatil con estos<\/p>\n\t\t<\/div>\n\t\t\n\t\t<a class=\"elementor-post__read-more\" href=\"https:\/\/rmelecom.com\/en\/cuidados-esenciales-para-prolongar-la-vida-util-de-las-baterias-agm-y-de-gel\/\" aria-label=\"Read more about Cuidados Esenciales para Prolongar la Vida \u00datil de las Bater\u00edas AGM y de Gel\" tabindex=\"-1\" >\n\t\t\tLeer m\u00e1s \u00bb\t\t<\/a>\n\n\t\t\t\t<\/div>\n\t\t\t\t<div class=\"elementor-post__meta-data\">\n\t\t\t\t\t<span class=\"elementor-post-date\">\n\t\t\t4 de December de 2024\t\t<\/span>\n\t\t\t\t<\/div>\n\t\t\t\t\t<\/div>\n\t\t<\/article>\n\t\t\t\t<article class=\"elementor-post elementor-grid-item post-2699 post type-post status-publish format-standard has-post-thumbnail hentry category-hitos\">\n\t\t\t<div class=\"elementor-post__card\">\n\t\t\t\t<a class=\"elementor-post__thumbnail__link\" href=\"https:\/\/rmelecom.com\/en\/gracias-por-venir-a-vernos-en-matelec-2024\/\" tabindex=\"-1\" ><div class=\"elementor-post__thumbnail\"><img decoding=\"async\" width=\"300\" height=\"225\" data-src=\"https:\/\/rmelecom.com\/wp-content\/uploads\/2024\/11\/WhatsApp-Image-2024-11-09-at-18.27.19-300x225.jpeg\" class=\"attachment-medium size-medium wp-image-2700 lazyload\" alt=\"\" data-srcset=\"https:\/\/rmelecom.com\/wp-content\/uploads\/2024\/11\/WhatsApp-Image-2024-11-09-at-18.27.19-300x225.jpeg 300w, https:\/\/rmelecom.com\/wp-content\/uploads\/2024\/11\/WhatsApp-Image-2024-11-09-at-18.27.19-1024x768.jpeg 1024w, https:\/\/rmelecom.com\/wp-content\/uploads\/2024\/11\/WhatsApp-Image-2024-11-09-at-18.27.19-768x576.jpeg 768w, https:\/\/rmelecom.com\/wp-content\/uploads\/2024\/11\/WhatsApp-Image-2024-11-09-at-18.27.19-1536x1152.jpeg 1536w, https:\/\/rmelecom.com\/wp-content\/uploads\/2024\/11\/WhatsApp-Image-2024-11-09-at-18.27.19-16x12.jpeg 16w, https:\/\/rmelecom.com\/wp-content\/uploads\/2024\/11\/WhatsApp-Image-2024-11-09-at-18.27.19.jpeg 1600w\" data-sizes=\"(max-width: 300px) 100vw, 300px\" src=\"data:image\/svg+xml;base64,PHN2ZyB3aWR0aD0iMSIgaGVpZ2h0PSIxIiB4bWxucz0iaHR0cDovL3d3dy53My5vcmcvMjAwMC9zdmciPjwvc3ZnPg==\" style=\"--smush-placeholder-width: 300px; --smush-placeholder-aspect-ratio: 300\/225;\" \/><\/div><\/a>\n\t\t\t\t<div class=\"elementor-post__badge\">HITOS<\/div>\n\t\t\t\t<div class=\"elementor-post__text\">\n\t\t\t\t<h3 class=\"elementor-post__title\">\n\t\t\t<a href=\"https:\/\/rmelecom.com\/en\/gracias-por-venir-a-vernos-en-matelec-2024\/\" >\n\t\t\t\tGracias por venir a vernos en MATELEC 2024\t\t\t<\/a>\n\t\t<\/h3>\n\t\t\t\t<div class=\"elementor-post__excerpt\">\n\t\t\t<p>Gracias a todos los que sacaron un rato para venir a visitarnos a nuestro stand en MATELEC 2024 Nuestro m\u00e1s sincero agradecimiento a quienes quisieron<\/p>\n\t\t<\/div>\n\t\t\n\t\t<a class=\"elementor-post__read-more\" href=\"https:\/\/rmelecom.com\/en\/gracias-por-venir-a-vernos-en-matelec-2024\/\" aria-label=\"Read more about Gracias por venir a vernos en MATELEC 2024\" tabindex=\"-1\" >\n\t\t\tLeer m\u00e1s \u00bb\t\t<\/a>\n\n\t\t\t\t<\/div>\n\t\t\t\t<div class=\"elementor-post__meta-data\">\n\t\t\t\t\t<span class=\"elementor-post-date\">\n\t\t\t22 de November de 2024\t\t<\/span>\n\t\t\t\t<\/div>\n\t\t\t\t\t<\/div>\n\t\t<\/article>\n\t\t\t\t<article class=\"elementor-post elementor-grid-item post-2693 post type-post status-publish format-standard has-post-thumbnail hentry category-hitos\">\n\t\t\t<div class=\"elementor-post__card\">\n\t\t\t\t<a class=\"elementor-post__thumbnail__link\" href=\"https:\/\/rmelecom.com\/en\/ven-a-vernos-a-matelec-2024\/\" tabindex=\"-1\" ><div class=\"elementor-post__thumbnail\"><img decoding=\"async\" width=\"300\" height=\"168\" data-src=\"https:\/\/rmelecom.com\/wp-content\/uploads\/2024\/10\/matelec-web-creatividad-300x168.png\" class=\"attachment-medium size-medium wp-image-2694 lazyload\" alt=\"\" data-srcset=\"https:\/\/rmelecom.com\/wp-content\/uploads\/2024\/10\/matelec-web-creatividad-300x168.png 300w, https:\/\/rmelecom.com\/wp-content\/uploads\/2024\/10\/matelec-web-creatividad-1024x573.png 1024w, https:\/\/rmelecom.com\/wp-content\/uploads\/2024\/10\/matelec-web-creatividad-768x430.png 768w, https:\/\/rmelecom.com\/wp-content\/uploads\/2024\/10\/matelec-web-creatividad-18x10.png 18w, https:\/\/rmelecom.com\/wp-content\/uploads\/2024\/10\/matelec-web-creatividad.png 1212w\" data-sizes=\"(max-width: 300px) 100vw, 300px\" src=\"data:image\/svg+xml;base64,PHN2ZyB3aWR0aD0iMSIgaGVpZ2h0PSIxIiB4bWxucz0iaHR0cDovL3d3dy53My5vcmcvMjAwMC9zdmciPjwvc3ZnPg==\" style=\"--smush-placeholder-width: 300px; --smush-placeholder-aspect-ratio: 300\/168;\" \/><\/div><\/a>\n\t\t\t\t<div class=\"elementor-post__badge\">HITOS<\/div>\n\t\t\t\t<div class=\"elementor-post__text\">\n\t\t\t\t<h3 class=\"elementor-post__title\">\n\t\t\t<a href=\"https:\/\/rmelecom.com\/en\/ven-a-vernos-a-matelec-2024\/\" >\n\t\t\t\tVen a vernos a MATELEC 2024\t\t\t<\/a>\n\t\t<\/h3>\n\t\t\t\t<div class=\"elementor-post__excerpt\">\n\t\t\t<p>Queremos informaros que este a\u00f1o volveremos a estar por d\u00e9cima vez presentes en una de las ferias m\u00e1s importantes de Espa\u00f1a y referente en el<\/p>\n\t\t<\/div>\n\t\t\n\t\t<a class=\"elementor-post__read-more\" href=\"https:\/\/rmelecom.com\/en\/ven-a-vernos-a-matelec-2024\/\" aria-label=\"Read more about Ven a vernos a MATELEC 2024\" tabindex=\"-1\" >\n\t\t\tLeer m\u00e1s \u00bb\t\t<\/a>\n\n\t\t\t\t<\/div>\n\t\t\t\t<div class=\"elementor-post__meta-data\">\n\t\t\t\t\t<span class=\"elementor-post-date\">\n\t\t\t31 de October de 2024\t\t<\/span>\n\t\t\t\t<\/div>\n\t\t\t\t\t<\/div>\n\t\t<\/article>\n\t\t\t\t<article class=\"elementor-post elementor-grid-item post-2689 post type-post status-publish format-standard has-post-thumbnail hentry category-hitos\">\n\t\t\t<div class=\"elementor-post__card\">\n\t\t\t\t<a class=\"elementor-post__thumbnail__link\" href=\"https:\/\/rmelecom.com\/en\/varta-industrial-pro-calidad-y-rendimiento-que-marcan-la-diferencia\/\" tabindex=\"-1\" ><div class=\"elementor-post__thumbnail\"><img decoding=\"async\" width=\"300\" height=\"276\" data-src=\"https:\/\/rmelecom.com\/wp-content\/uploads\/2024\/10\/varta-ip-300x276.jpg\" class=\"attachment-medium size-medium wp-image-2690 lazyload\" alt=\"\" data-srcset=\"https:\/\/rmelecom.com\/wp-content\/uploads\/2024\/10\/varta-ip-300x276.jpg 300w, https:\/\/rmelecom.com\/wp-content\/uploads\/2024\/10\/varta-ip-1024x942.jpg 1024w, https:\/\/rmelecom.com\/wp-content\/uploads\/2024\/10\/varta-ip-768x707.jpg 768w, https:\/\/rmelecom.com\/wp-content\/uploads\/2024\/10\/varta-ip-1536x1414.jpg 1536w, https:\/\/rmelecom.com\/wp-content\/uploads\/2024\/10\/varta-ip-2048x1885.jpg 2048w, https:\/\/rmelecom.com\/wp-content\/uploads\/2024\/10\/varta-ip-13x12.jpg 13w\" data-sizes=\"(max-width: 300px) 100vw, 300px\" src=\"data:image\/svg+xml;base64,PHN2ZyB3aWR0aD0iMSIgaGVpZ2h0PSIxIiB4bWxucz0iaHR0cDovL3d3dy53My5vcmcvMjAwMC9zdmciPjwvc3ZnPg==\" style=\"--smush-placeholder-width: 300px; --smush-placeholder-aspect-ratio: 300\/276;\" \/><\/div><\/a>\n\t\t\t\t<div class=\"elementor-post__badge\">HITOS<\/div>\n\t\t\t\t<div class=\"elementor-post__text\">\n\t\t\t\t<h3 class=\"elementor-post__title\">\n\t\t\t<a href=\"https:\/\/rmelecom.com\/en\/varta-industrial-pro-calidad-y-rendimiento-que-marcan-la-diferencia\/\" >\n\t\t\t\t\ud83d\udd0b Varta Industrial Pro: Calidad y Rendimiento que Marcan la Diferencia \ud83d\udd0b\t\t\t<\/a>\n\t\t<\/h3>\n\t\t\t\t<div class=\"elementor-post__excerpt\">\n\t\t\t<p>En un mercado con m\u00faltiples opciones energ\u00e9ticas, es esencial identificar lo que realmente ofrece valor. Con m\u00e1s de 130 a\u00f1os de experiencia, Varta Industrial Pro<\/p>\n\t\t<\/div>\n\t\t\n\t\t<a class=\"elementor-post__read-more\" href=\"https:\/\/rmelecom.com\/en\/varta-industrial-pro-calidad-y-rendimiento-que-marcan-la-diferencia\/\" aria-label=\"Read more about \ud83d\udd0b Varta Industrial Pro: Calidad y Rendimiento que Marcan la Diferencia \ud83d\udd0b\" tabindex=\"-1\" >\n\t\t\tLeer m\u00e1s \u00bb\t\t<\/a>\n\n\t\t\t\t<\/div>\n\t\t\t\t<div class=\"elementor-post__meta-data\">\n\t\t\t\t\t<span class=\"elementor-post-date\">\n\t\t\t21 de October de 2024\t\t<\/span>\n\t\t\t\t<\/div>\n\t\t\t\t\t<\/div>\n\t\t<\/article>\n\t\t\t\t<article class=\"elementor-post elementor-grid-item post-2615 post type-post status-publish format-standard has-post-thumbnail hentry category-presencia\">\n\t\t\t<div class=\"elementor-post__card\">\n\t\t\t\t<a class=\"elementor-post__thumbnail__link\" href=\"https:\/\/rmelecom.com\/en\/rm-electronics-en-el-congreso-sostenibilidad-greenpacto-impulsando-la-innovacion-y-el-dialogo-sobre-practicas-sostenibles\/\" tabindex=\"-1\" ><div class=\"elementor-post__thumbnail\"><img decoding=\"async\" width=\"225\" height=\"300\" data-src=\"https:\/\/rmelecom.com\/wp-content\/uploads\/2024\/05\/IMG_2900-225x300.jpeg\" class=\"attachment-medium size-medium wp-image-2614 lazyload\" alt=\"\" data-srcset=\"https:\/\/rmelecom.com\/wp-content\/uploads\/2024\/05\/IMG_2900-225x300.jpeg 225w, https:\/\/rmelecom.com\/wp-content\/uploads\/2024\/05\/IMG_2900-768x1024.jpeg 768w, https:\/\/rmelecom.com\/wp-content\/uploads\/2024\/05\/IMG_2900-1152x1536.jpeg 1152w, https:\/\/rmelecom.com\/wp-content\/uploads\/2024\/05\/IMG_2900-1536x2048.jpeg 1536w, https:\/\/rmelecom.com\/wp-content\/uploads\/2024\/05\/IMG_2900-9x12.jpeg 9w, https:\/\/rmelecom.com\/wp-content\/uploads\/2024\/05\/IMG_2900-scaled.jpeg 1920w\" data-sizes=\"(max-width: 225px) 100vw, 225px\" src=\"data:image\/svg+xml;base64,PHN2ZyB3aWR0aD0iMSIgaGVpZ2h0PSIxIiB4bWxucz0iaHR0cDovL3d3dy53My5vcmcvMjAwMC9zdmciPjwvc3ZnPg==\" style=\"--smush-placeholder-width: 225px; --smush-placeholder-aspect-ratio: 225\/300;\" \/><\/div><\/a>\n\t\t\t\t<div class=\"elementor-post__badge\">PRESENCIA<\/div>\n\t\t\t\t<div class=\"elementor-post__text\">\n\t\t\t\t<h3 class=\"elementor-post__title\">\n\t\t\t<a href=\"https:\/\/rmelecom.com\/en\/rm-electronics-en-el-congreso-sostenibilidad-greenpacto-impulsando-la-innovacion-y-el-dialogo-sobre-practicas-sostenibles\/\" >\n\t\t\t\tRM Electronics en el Congreso Sostenibilidad Greenpacto, impulsando la innovaci\u00f3n y el di\u00e1logo sobre pr\u00e1cticas sostenibles\t\t\t<\/a>\n\t\t<\/h3>\n\t\t\t\t<div class=\"elementor-post__excerpt\">\n\t\t\t<p>Este a\u00f1o, Secartys ha organizado el Congreso Sostenibilidad Greenpacto, un evento dedicado a debatir y compartir herramientas e historias de \u00e9xito esenciales para avanzar en<\/p>\n\t\t<\/div>\n\t\t\n\t\t<a class=\"elementor-post__read-more\" href=\"https:\/\/rmelecom.com\/en\/rm-electronics-en-el-congreso-sostenibilidad-greenpacto-impulsando-la-innovacion-y-el-dialogo-sobre-practicas-sostenibles\/\" aria-label=\"Read more about RM Electronics en el Congreso Sostenibilidad Greenpacto, impulsando la innovaci\u00f3n y el di\u00e1logo sobre pr\u00e1cticas sostenibles\" tabindex=\"-1\" >\n\t\t\tLeer m\u00e1s \u00bb\t\t<\/a>\n\n\t\t\t\t<\/div>\n\t\t\t\t<div class=\"elementor-post__meta-data\">\n\t\t\t\t\t<span class=\"elementor-post-date\">\n\t\t\t27 de May de 2024\t\t<\/span>\n\t\t\t\t<\/div>\n\t\t\t\t\t<\/div>\n\t\t<\/article>\n\t\t\t\t<article class=\"elementor-post elementor-grid-item post-2610 post type-post status-publish format-standard has-post-thumbnail hentry category-presencia\">\n\t\t\t<div class=\"elementor-post__card\">\n\t\t\t\t<a class=\"elementor-post__thumbnail__link\" href=\"https:\/\/rmelecom.com\/en\/rm-electronics-en-navalia-vigo\/\" tabindex=\"-1\" ><div class=\"elementor-post__thumbnail\"><img decoding=\"async\" width=\"300\" height=\"225\" data-src=\"https:\/\/rmelecom.com\/wp-content\/uploads\/2024\/05\/Stand-D-13-300x225.jpeg\" class=\"attachment-medium size-medium wp-image-2611 lazyload\" alt=\"\" data-srcset=\"https:\/\/rmelecom.com\/wp-content\/uploads\/2024\/05\/Stand-D-13-300x225.jpeg 300w, https:\/\/rmelecom.com\/wp-content\/uploads\/2024\/05\/Stand-D-13-1024x768.jpeg 1024w, https:\/\/rmelecom.com\/wp-content\/uploads\/2024\/05\/Stand-D-13-768x576.jpeg 768w, https:\/\/rmelecom.com\/wp-content\/uploads\/2024\/05\/Stand-D-13-1536x1152.jpeg 1536w, https:\/\/rmelecom.com\/wp-content\/uploads\/2024\/05\/Stand-D-13-16x12.jpeg 16w, https:\/\/rmelecom.com\/wp-content\/uploads\/2024\/05\/Stand-D-13.jpeg 2048w\" data-sizes=\"(max-width: 300px) 100vw, 300px\" src=\"data:image\/svg+xml;base64,PHN2ZyB3aWR0aD0iMSIgaGVpZ2h0PSIxIiB4bWxucz0iaHR0cDovL3d3dy53My5vcmcvMjAwMC9zdmciPjwvc3ZnPg==\" style=\"--smush-placeholder-width: 300px; --smush-placeholder-aspect-ratio: 300\/225;\" \/><\/div><\/a>\n\t\t\t\t<div class=\"elementor-post__badge\">PRESENCIA<\/div>\n\t\t\t\t<div class=\"elementor-post__text\">\n\t\t\t\t<h3 class=\"elementor-post__title\">\n\t\t\t<a href=\"https:\/\/rmelecom.com\/en\/rm-electronics-en-navalia-vigo\/\" >\n\t\t\t\tRM Electronics en Navalia, Vigo\t\t\t<\/a>\n\t\t<\/h3>\n\t\t\t\t<div class=\"elementor-post__excerpt\">\n\t\t\t<p>En RM Electronics hemos asistido a Navalia como expositores por quinta edici\u00f3n consecutiva. Este a\u00f1o, la feria ha sido la mejor de su historia, alcanzando<\/p>\n\t\t<\/div>\n\t\t\n\t\t<a class=\"elementor-post__read-more\" href=\"https:\/\/rmelecom.com\/en\/rm-electronics-en-navalia-vigo\/\" aria-label=\"Read more about RM Electronics en Navalia, Vigo\" tabindex=\"-1\" >\n\t\t\tLeer m\u00e1s \u00bb\t\t<\/a>\n\n\t\t\t\t<\/div>\n\t\t\t\t<div class=\"elementor-post__meta-data\">\n\t\t\t\t\t<span class=\"elementor-post-date\">\n\t\t\t27 de May de 2024\t\t<\/span>\n\t\t\t\t<\/div>\n\t\t\t\t\t<\/div>\n\t\t<\/article>\n\t\t\t\t<article class=\"elementor-post elementor-grid-item post-2605 post type-post status-publish format-standard has-post-thumbnail hentry category-presencia\">\n\t\t\t<div class=\"elementor-post__card\">\n\t\t\t\t<a class=\"elementor-post__thumbnail__link\" href=\"https:\/\/rmelecom.com\/en\/greenpacto-sostenibilidad-empresarial\/\" tabindex=\"-1\" ><div class=\"elementor-post__thumbnail\"><img decoding=\"async\" width=\"266\" height=\"300\" data-src=\"https:\/\/rmelecom.com\/wp-content\/uploads\/2024\/04\/Captura-de-pantalla-2024-04-24-a-las-12.47.55-266x300.png\" class=\"attachment-medium size-medium wp-image-2606 lazyload\" alt=\"\" data-srcset=\"https:\/\/rmelecom.com\/wp-content\/uploads\/2024\/04\/Captura-de-pantalla-2024-04-24-a-las-12.47.55-266x300.png 266w, https:\/\/rmelecom.com\/wp-content\/uploads\/2024\/04\/Captura-de-pantalla-2024-04-24-a-las-12.47.55-907x1024.png 907w, https:\/\/rmelecom.com\/wp-content\/uploads\/2024\/04\/Captura-de-pantalla-2024-04-24-a-las-12.47.55-768x867.png 768w, https:\/\/rmelecom.com\/wp-content\/uploads\/2024\/04\/Captura-de-pantalla-2024-04-24-a-las-12.47.55-1361x1536.png 1361w, https:\/\/rmelecom.com\/wp-content\/uploads\/2024\/04\/Captura-de-pantalla-2024-04-24-a-las-12.47.55-11x12.png 11w, https:\/\/rmelecom.com\/wp-content\/uploads\/2024\/04\/Captura-de-pantalla-2024-04-24-a-las-12.47.55.png 1412w\" data-sizes=\"(max-width: 266px) 100vw, 266px\" src=\"data:image\/svg+xml;base64,PHN2ZyB3aWR0aD0iMSIgaGVpZ2h0PSIxIiB4bWxucz0iaHR0cDovL3d3dy53My5vcmcvMjAwMC9zdmciPjwvc3ZnPg==\" style=\"--smush-placeholder-width: 266px; --smush-placeholder-aspect-ratio: 266\/300;\" \/><\/div><\/a>\n\t\t\t\t<div class=\"elementor-post__badge\">PRESENCIA<\/div>\n\t\t\t\t<div class=\"elementor-post__text\">\n\t\t\t\t<h3 class=\"elementor-post__title\">\n\t\t\t<a href=\"https:\/\/rmelecom.com\/en\/greenpacto-sostenibilidad-empresarial\/\" >\n\t\t\t\tGreenpacto &#8211;  Sostenibilidad Empresarial\t\t\t<\/a>\n\t\t<\/h3>\n\t\t\t\t<div class=\"elementor-post__excerpt\">\n\t\t\t<p>\ud83c\udf3f \u00a1\u00danete al Congreso Sostenibilidad GREENPACTO! \ud83c\udf3f Desde\u00a0RM Electronics, os invitamos al Congreso Sostenibilidad GREENPACTO. Si te apasiona la sostenibilidad y el cambio positivo, este<\/p>\n\t\t<\/div>\n\t\t\n\t\t<a class=\"elementor-post__read-more\" href=\"https:\/\/rmelecom.com\/en\/greenpacto-sostenibilidad-empresarial\/\" aria-label=\"Read more about Greenpacto &#8211;  Sostenibilidad Empresarial\" tabindex=\"-1\" >\n\t\t\tLeer m\u00e1s \u00bb\t\t<\/a>\n\n\t\t\t\t<\/div>\n\t\t\t\t<div class=\"elementor-post__meta-data\">\n\t\t\t\t\t<span class=\"elementor-post-date\">\n\t\t\t24 de April de 2024\t\t<\/span>\n\t\t\t\t<\/div>\n\t\t\t\t\t<\/div>\n\t\t<\/article>\n\t\t\t\t<article class=\"elementor-post elementor-grid-item post-2597 post type-post status-publish format-standard has-post-thumbnail hentry category-presencia\">\n\t\t\t<div class=\"elementor-post__card\">\n\t\t\t\t<a class=\"elementor-post__thumbnail__link\" href=\"https:\/\/rmelecom.com\/en\/ven-a-visitarnos-a-navalia\/\" tabindex=\"-1\" ><div class=\"elementor-post__thumbnail\"><img decoding=\"async\" width=\"300\" height=\"158\" data-src=\"https:\/\/rmelecom.com\/wp-content\/uploads\/2024\/04\/Frame-53-300x158.png\" class=\"attachment-medium size-medium wp-image-2601 lazyload\" alt=\"\" data-srcset=\"https:\/\/rmelecom.com\/wp-content\/uploads\/2024\/04\/Frame-53-300x158.png 300w, https:\/\/rmelecom.com\/wp-content\/uploads\/2024\/04\/Frame-53-768x405.png 768w, https:\/\/rmelecom.com\/wp-content\/uploads\/2024\/04\/Frame-53-18x9.png 18w, https:\/\/rmelecom.com\/wp-content\/uploads\/2024\/04\/Frame-53.png 894w\" data-sizes=\"(max-width: 300px) 100vw, 300px\" src=\"data:image\/svg+xml;base64,PHN2ZyB3aWR0aD0iMSIgaGVpZ2h0PSIxIiB4bWxucz0iaHR0cDovL3d3dy53My5vcmcvMjAwMC9zdmciPjwvc3ZnPg==\" style=\"--smush-placeholder-width: 300px; --smush-placeholder-aspect-ratio: 300\/158;\" \/><\/div><\/a>\n\t\t\t\t<div class=\"elementor-post__badge\">PRESENCIA<\/div>\n\t\t\t\t<div class=\"elementor-post__text\">\n\t\t\t\t<h3 class=\"elementor-post__title\">\n\t\t\t<a href=\"https:\/\/rmelecom.com\/en\/ven-a-visitarnos-a-navalia\/\" >\n\t\t\t\tVen a visitarnos a Navalia\t\t\t<\/a>\n\t\t<\/h3>\n\t\t\t\t<div class=\"elementor-post__excerpt\">\n\t\t\t<p>RM Electronics volver\u00e1 a estar un a\u00f1o m\u00e1s presente en una de las ferias m\u00e1s importantes de Espa\u00f1a: Navalia, feria Internacional de la Industria Naval,<\/p>\n\t\t<\/div>\n\t\t\n\t\t<a class=\"elementor-post__read-more\" href=\"https:\/\/rmelecom.com\/en\/ven-a-visitarnos-a-navalia\/\" aria-label=\"Read more about Ven a visitarnos a Navalia\" tabindex=\"-1\" >\n\t\t\tLeer m\u00e1s \u00bb\t\t<\/a>\n\n\t\t\t\t<\/div>\n\t\t\t\t<div class=\"elementor-post__meta-data\">\n\t\t\t\t\t<span class=\"elementor-post-date\">\n\t\t\t16 de April de 2024\t\t<\/span>\n\t\t\t\t<\/div>\n\t\t\t\t\t<\/div>\n\t\t<\/article>\n\t\t\t\t<article class=\"elementor-post elementor-grid-item post-978 post type-post status-publish format-standard has-post-thumbnail hentry category-sin-categoria\">\n\t\t\t<div class=\"elementor-post__card\">\n\t\t\t\t<a class=\"elementor-post__thumbnail__link\" href=\"https:\/\/rmelecom.com\/en\/felices-fiestas-%f0%9f%8e%84\/\" tabindex=\"-1\" ><div class=\"elementor-post__thumbnail\"><img decoding=\"async\" width=\"300\" height=\"300\" data-src=\"https:\/\/rmelecom.com\/wp-content\/uploads\/2023\/12\/postal-v2-300x300.png\" class=\"attachment-medium size-medium wp-image-979 lazyload\" alt=\"\" data-srcset=\"https:\/\/rmelecom.com\/wp-content\/uploads\/2023\/12\/postal-v2-300x300.png 300w, https:\/\/rmelecom.com\/wp-content\/uploads\/2023\/12\/postal-v2-150x150.png 150w, https:\/\/rmelecom.com\/wp-content\/uploads\/2023\/12\/postal-v2-768x768.png 768w, https:\/\/rmelecom.com\/wp-content\/uploads\/2023\/12\/postal-v2-12x12.png 12w, https:\/\/rmelecom.com\/wp-content\/uploads\/2023\/12\/postal-v2.png 1024w\" data-sizes=\"(max-width: 300px) 100vw, 300px\" src=\"data:image\/svg+xml;base64,PHN2ZyB3aWR0aD0iMSIgaGVpZ2h0PSIxIiB4bWxucz0iaHR0cDovL3d3dy53My5vcmcvMjAwMC9zdmciPjwvc3ZnPg==\" style=\"--smush-placeholder-width: 300px; --smush-placeholder-aspect-ratio: 300\/300;\" \/><\/div><\/a>\n\t\t\t\t<div class=\"elementor-post__badge\">Sin categor\u00eda<\/div>\n\t\t\t\t<div class=\"elementor-post__text\">\n\t\t\t\t<h3 class=\"elementor-post__title\">\n\t\t\t<a href=\"https:\/\/rmelecom.com\/en\/felices-fiestas-%f0%9f%8e%84\/\" >\n\t\t\t\tFelices fiestas \ud83c\udf84\t\t\t<\/a>\n\t\t<\/h3>\n\t\t\t\t<div class=\"elementor-post__excerpt\">\n\t\t\t<p>\ud83c\udf84\u2728 Desde RM Electronics os deseamos felices fiestas \u2728\ud83c\udf84 Queremos daros las gracias por ser parte fundamental de nuestra familia. Gracias por otro a\u00f1o lleno<\/p>\n\t\t<\/div>\n\t\t\n\t\t<a class=\"elementor-post__read-more\" href=\"https:\/\/rmelecom.com\/en\/felices-fiestas-%f0%9f%8e%84\/\" aria-label=\"Read more about Felices fiestas \ud83c\udf84\" tabindex=\"-1\" >\n\t\t\tLeer m\u00e1s \u00bb\t\t<\/a>\n\n\t\t\t\t<\/div>\n\t\t\t\t<div class=\"elementor-post__meta-data\">\n\t\t\t\t\t<span class=\"elementor-post-date\">\n\t\t\t20 de December de 2023\t\t<\/span>\n\t\t\t\t<\/div>\n\t\t\t\t\t<\/div>\n\t\t<\/article>\n\t\t\t\t<article class=\"elementor-post elementor-grid-item post-932 post type-post status-publish format-standard has-post-thumbnail hentry category-baterias\">\n\t\t\t<div class=\"elementor-post__card\">\n\t\t\t\t<a class=\"elementor-post__thumbnail__link\" href=\"https:\/\/rmelecom.com\/en\/nueva-serie-de-baterias-para-movilidad-electrica-%f0%9f%9a%80\/\" tabindex=\"-1\" ><div class=\"elementor-post__thumbnail\"><img decoding=\"async\" width=\"300\" height=\"169\" data-src=\"https:\/\/rmelecom.com\/wp-content\/uploads\/2023\/09\/PopUp-PBEV-1-300x169.png\" class=\"attachment-medium size-medium wp-image-934 lazyload\" alt=\"\" data-srcset=\"https:\/\/rmelecom.com\/wp-content\/uploads\/2023\/09\/PopUp-PBEV-1-300x169.png 300w, https:\/\/rmelecom.com\/wp-content\/uploads\/2023\/09\/PopUp-PBEV-1-18x10.png 18w, https:\/\/rmelecom.com\/wp-content\/uploads\/2023\/09\/PopUp-PBEV-1.png 672w\" data-sizes=\"(max-width: 300px) 100vw, 300px\" src=\"data:image\/svg+xml;base64,PHN2ZyB3aWR0aD0iMSIgaGVpZ2h0PSIxIiB4bWxucz0iaHR0cDovL3d3dy53My5vcmcvMjAwMC9zdmciPjwvc3ZnPg==\" style=\"--smush-placeholder-width: 300px; --smush-placeholder-aspect-ratio: 300\/169;\" \/><\/div><\/a>\n\t\t\t\t<div class=\"elementor-post__badge\">BATERIAS<\/div>\n\t\t\t\t<div class=\"elementor-post__text\">\n\t\t\t\t<h3 class=\"elementor-post__title\">\n\t\t\t<a href=\"https:\/\/rmelecom.com\/en\/nueva-serie-de-baterias-para-movilidad-electrica-%f0%9f%9a%80\/\" >\n\t\t\t\t\u00a1Nueva serie de bater\u00edas para movilidad el\u00e9ctrica! \ud83d\ude80\t\t\t<\/a>\n\t\t<\/h3>\n\t\t\t\t<div class=\"elementor-post__excerpt\">\n\t\t\t<p>Os presentamos una de nuestras \u00faltimas incorporaciones dentro de las bater\u00edas PB Deep Cycle: Las nuevas PBEV12-22 y PBEV12-14\ud83d\udca1 Dise\u00f1adas pensando en la movilidad el\u00e9ctrica,<\/p>\n\t\t<\/div>\n\t\t\n\t\t<a class=\"elementor-post__read-more\" href=\"https:\/\/rmelecom.com\/en\/nueva-serie-de-baterias-para-movilidad-electrica-%f0%9f%9a%80\/\" aria-label=\"Read more about \u00a1Nueva serie de bater\u00edas para movilidad el\u00e9ctrica! \ud83d\ude80\" tabindex=\"-1\" >\n\t\t\tLeer m\u00e1s \u00bb\t\t<\/a>\n\n\t\t\t\t<\/div>\n\t\t\t\t<div class=\"elementor-post__meta-data\">\n\t\t\t\t\t<span class=\"elementor-post-date\">\n\t\t\t28 de September de 2023\t\t<\/span>\n\t\t\t\t<\/div>\n\t\t\t\t\t<\/div>\n\t\t<\/article>\n\t\t\t\t<article class=\"elementor-post elementor-grid-item post-892 post type-post status-publish format-standard has-post-thumbnail hentry category-hitos\">\n\t\t\t<div class=\"elementor-post__card\">\n\t\t\t\t<a class=\"elementor-post__thumbnail__link\" href=\"https:\/\/rmelecom.com\/en\/presentes-en-mas-de-20-paises\/\" tabindex=\"-1\" ><div class=\"elementor-post__thumbnail\"><img decoding=\"async\" width=\"300\" height=\"300\" data-src=\"https:\/\/rmelecom.com\/wp-content\/uploads\/2023\/09\/1678212364765-300x300.jpeg\" class=\"attachment-medium size-medium wp-image-893 lazyload\" alt=\"\" data-srcset=\"https:\/\/rmelecom.com\/wp-content\/uploads\/2023\/09\/1678212364765-300x300.jpeg 300w, https:\/\/rmelecom.com\/wp-content\/uploads\/2023\/09\/1678212364765-150x150.jpeg 150w, https:\/\/rmelecom.com\/wp-content\/uploads\/2023\/09\/1678212364765-768x768.jpeg 768w, https:\/\/rmelecom.com\/wp-content\/uploads\/2023\/09\/1678212364765-12x12.jpeg 12w, https:\/\/rmelecom.com\/wp-content\/uploads\/2023\/09\/1678212364765.jpeg 800w\" data-sizes=\"(max-width: 300px) 100vw, 300px\" src=\"data:image\/svg+xml;base64,PHN2ZyB3aWR0aD0iMSIgaGVpZ2h0PSIxIiB4bWxucz0iaHR0cDovL3d3dy53My5vcmcvMjAwMC9zdmciPjwvc3ZnPg==\" style=\"--smush-placeholder-width: 300px; --smush-placeholder-aspect-ratio: 300\/300;\" \/><\/div><\/a>\n\t\t\t\t<div class=\"elementor-post__badge\">HITOS<\/div>\n\t\t\t\t<div class=\"elementor-post__text\">\n\t\t\t\t<h3 class=\"elementor-post__title\">\n\t\t\t<a href=\"https:\/\/rmelecom.com\/en\/presentes-en-mas-de-20-paises\/\" >\n\t\t\t\tPresentes en m\u00e1s de 20 pa\u00edses\t\t\t<\/a>\n\t\t<\/h3>\n\t\t\t\t<div class=\"elementor-post__excerpt\">\n\t\t\t<p>Nuestra sede se encuentra en Barcelona, concretamente en Montorn\u00e8s del Vall\u00e8s. Desde hace m\u00e1s de 30 a\u00f1os, hemos operado a nivel mundial, dando servicio en<\/p>\n\t\t<\/div>\n\t\t\n\t\t<a class=\"elementor-post__read-more\" href=\"https:\/\/rmelecom.com\/en\/presentes-en-mas-de-20-paises\/\" aria-label=\"Read more about Presentes en m\u00e1s de 20 pa\u00edses\" tabindex=\"-1\" >\n\t\t\tLeer m\u00e1s \u00bb\t\t<\/a>\n\n\t\t\t\t<\/div>\n\t\t\t\t<div class=\"elementor-post__meta-data\">\n\t\t\t\t\t<span class=\"elementor-post-date\">\n\t\t\t12 de September de 2023\t\t<\/span>\n\t\t\t\t<\/div>\n\t\t\t\t\t<\/div>\n\t\t<\/article>\n\t\t\t\t<article class=\"elementor-post elementor-grid-item post-887 post type-post status-publish format-standard has-post-thumbnail hentry category-hitos\">\n\t\t\t<div class=\"elementor-post__card\">\n\t\t\t\t<a class=\"elementor-post__thumbnail__link\" href=\"https:\/\/rmelecom.com\/en\/desde-1992-al-servicio-de-nuestros-colaboradores\/\" tabindex=\"-1\" ><div class=\"elementor-post__thumbnail\"><img decoding=\"async\" width=\"300\" height=\"300\" data-src=\"https:\/\/rmelecom.com\/wp-content\/uploads\/2023\/07\/presencia-junio-1-300x300.jpg\" class=\"attachment-medium size-medium wp-image-889 lazyload\" alt=\"\" data-srcset=\"https:\/\/rmelecom.com\/wp-content\/uploads\/2023\/07\/presencia-junio-1-300x300.jpg 300w, https:\/\/rmelecom.com\/wp-content\/uploads\/2023\/07\/presencia-junio-1-1024x1024.jpg 1024w, https:\/\/rmelecom.com\/wp-content\/uploads\/2023\/07\/presencia-junio-1-150x150.jpg 150w, https:\/\/rmelecom.com\/wp-content\/uploads\/2023\/07\/presencia-junio-1-768x768.jpg 768w, https:\/\/rmelecom.com\/wp-content\/uploads\/2023\/07\/presencia-junio-1-1536x1536.jpg 1536w, https:\/\/rmelecom.com\/wp-content\/uploads\/2023\/07\/presencia-junio-1-2048x2048.jpg 2048w, https:\/\/rmelecom.com\/wp-content\/uploads\/2023\/07\/presencia-junio-1-12x12.jpg 12w\" data-sizes=\"(max-width: 300px) 100vw, 300px\" src=\"data:image\/svg+xml;base64,PHN2ZyB3aWR0aD0iMSIgaGVpZ2h0PSIxIiB4bWxucz0iaHR0cDovL3d3dy53My5vcmcvMjAwMC9zdmciPjwvc3ZnPg==\" style=\"--smush-placeholder-width: 300px; --smush-placeholder-aspect-ratio: 300\/300;\" \/><\/div><\/a>\n\t\t\t\t<div class=\"elementor-post__badge\">HITOS<\/div>\n\t\t\t\t<div class=\"elementor-post__text\">\n\t\t\t\t<h3 class=\"elementor-post__title\">\n\t\t\t<a href=\"https:\/\/rmelecom.com\/en\/desde-1992-al-servicio-de-nuestros-colaboradores\/\" >\n\t\t\t\tDesde 1992 al servicio de nuestros colaboradores\t\t\t<\/a>\n\t\t<\/h3>\n\t\t\t\t<div class=\"elementor-post__excerpt\">\n\t\t\t<p>Con m\u00e1s de tres d\u00e9cadas de experiencia en el \u00e1mbito de las ferias y exposiciones internacionales, nos hemos consolidado como una empresa con presencia destacada<\/p>\n\t\t<\/div>\n\t\t\n\t\t<a class=\"elementor-post__read-more\" href=\"https:\/\/rmelecom.com\/en\/desde-1992-al-servicio-de-nuestros-colaboradores\/\" aria-label=\"Read more about Desde 1992 al servicio de nuestros colaboradores\" tabindex=\"-1\" >\n\t\t\tLeer m\u00e1s \u00bb\t\t<\/a>\n\n\t\t\t\t<\/div>\n\t\t\t\t<div class=\"elementor-post__meta-data\">\n\t\t\t\t\t<span class=\"elementor-post-date\">\n\t\t\t14 de July de 2023\t\t<\/span>\n\t\t\t\t<\/div>\n\t\t\t\t\t<\/div>\n\t\t<\/article>\n\t\t\t\t<article class=\"elementor-post elementor-grid-item post-870 post type-post status-publish format-standard has-post-thumbnail hentry category-patrocinio\">\n\t\t\t<div class=\"elementor-post__card\">\n\t\t\t\t<a class=\"elementor-post__thumbnail__link\" href=\"https:\/\/rmelecom.com\/en\/100-000-pasos-en-un-dia-contra-la-distimia\/\" tabindex=\"-1\" ><div class=\"elementor-post__thumbnail\"><img decoding=\"async\" width=\"300\" height=\"168\" data-src=\"https:\/\/rmelecom.com\/wp-content\/uploads\/2023\/06\/Captura-de-pantalla-2023-07-14-a-las-10.54.30-300x168.png\" class=\"attachment-medium size-medium wp-image-886 lazyload\" alt=\"\" data-srcset=\"https:\/\/rmelecom.com\/wp-content\/uploads\/2023\/06\/Captura-de-pantalla-2023-07-14-a-las-10.54.30-300x168.png 300w, https:\/\/rmelecom.com\/wp-content\/uploads\/2023\/06\/Captura-de-pantalla-2023-07-14-a-las-10.54.30-1024x573.png 1024w, https:\/\/rmelecom.com\/wp-content\/uploads\/2023\/06\/Captura-de-pantalla-2023-07-14-a-las-10.54.30-768x430.png 768w, https:\/\/rmelecom.com\/wp-content\/uploads\/2023\/06\/Captura-de-pantalla-2023-07-14-a-las-10.54.30-1536x860.png 1536w, https:\/\/rmelecom.com\/wp-content\/uploads\/2023\/06\/Captura-de-pantalla-2023-07-14-a-las-10.54.30-18x10.png 18w, https:\/\/rmelecom.com\/wp-content\/uploads\/2023\/06\/Captura-de-pantalla-2023-07-14-a-las-10.54.30.png 1740w\" data-sizes=\"(max-width: 300px) 100vw, 300px\" src=\"data:image\/svg+xml;base64,PHN2ZyB3aWR0aD0iMSIgaGVpZ2h0PSIxIiB4bWxucz0iaHR0cDovL3d3dy53My5vcmcvMjAwMC9zdmciPjwvc3ZnPg==\" style=\"--smush-placeholder-width: 300px; --smush-placeholder-aspect-ratio: 300\/168;\" \/><\/div><\/a>\n\t\t\t\t<div class=\"elementor-post__badge\">PATROCINIO<\/div>\n\t\t\t\t<div class=\"elementor-post__text\">\n\t\t\t\t<h3 class=\"elementor-post__title\">\n\t\t\t<a href=\"https:\/\/rmelecom.com\/en\/100-000-pasos-en-un-dia-contra-la-distimia\/\" >\n\t\t\t\t100.000 pasos en un d\u00eda contra la distimia\t\t\t<\/a>\n\t\t<\/h3>\n\t\t\t\t<div class=\"elementor-post__excerpt\">\n\t\t\t<p>Seg\u00fan la OMS, la distimia es un tipo de depresi\u00f3n continua y cr\u00f3nica. Sergi Garcia la padece, y ha puesto en marcha un proyecto para<\/p>\n\t\t<\/div>\n\t\t\n\t\t<a class=\"elementor-post__read-more\" href=\"https:\/\/rmelecom.com\/en\/100-000-pasos-en-un-dia-contra-la-distimia\/\" aria-label=\"Read more about 100.000 pasos en un d\u00eda contra la distimia\" tabindex=\"-1\" >\n\t\t\tLeer m\u00e1s \u00bb\t\t<\/a>\n\n\t\t\t\t<\/div>\n\t\t\t\t<div class=\"elementor-post__meta-data\">\n\t\t\t\t\t<span class=\"elementor-post-date\">\n\t\t\t5 de June de 2023\t\t<\/span>\n\t\t\t\t<\/div>\n\t\t\t\t\t<\/div>\n\t\t<\/article>\n\t\t\t\t<article class=\"elementor-post elementor-grid-item post-860 post type-post status-publish format-standard has-post-thumbnail hentry category-baterias\">\n\t\t\t<div class=\"elementor-post__card\">\n\t\t\t\t<a class=\"elementor-post__thumbnail__link\" href=\"https:\/\/rmelecom.com\/en\/como-reciclar-las-baterias-de-plomo-acido-correctamente\/\" tabindex=\"-1\" ><div class=\"elementor-post__thumbnail\"><img decoding=\"async\" width=\"300\" height=\"151\" data-src=\"https:\/\/rmelecom.com\/wp-content\/uploads\/2023\/05\/Frame-179-11-300x151.jpg\" class=\"attachment-medium size-medium wp-image-861 lazyload\" alt=\"\" data-srcset=\"https:\/\/rmelecom.com\/wp-content\/uploads\/2023\/05\/Frame-179-11-300x151.jpg 300w, https:\/\/rmelecom.com\/wp-content\/uploads\/2023\/05\/Frame-179-11-1024x516.jpg 1024w, https:\/\/rmelecom.com\/wp-content\/uploads\/2023\/05\/Frame-179-11-768x387.jpg 768w, https:\/\/rmelecom.com\/wp-content\/uploads\/2023\/05\/Frame-179-11-1536x774.jpg 1536w, https:\/\/rmelecom.com\/wp-content\/uploads\/2023\/05\/Frame-179-11-2048x1032.jpg 2048w, https:\/\/rmelecom.com\/wp-content\/uploads\/2023\/05\/Frame-179-11-18x9.jpg 18w\" data-sizes=\"(max-width: 300px) 100vw, 300px\" src=\"data:image\/svg+xml;base64,PHN2ZyB3aWR0aD0iMSIgaGVpZ2h0PSIxIiB4bWxucz0iaHR0cDovL3d3dy53My5vcmcvMjAwMC9zdmciPjwvc3ZnPg==\" style=\"--smush-placeholder-width: 300px; --smush-placeholder-aspect-ratio: 300\/151;\" \/><\/div><\/a>\n\t\t\t\t<div class=\"elementor-post__badge\">BATERIAS<\/div>\n\t\t\t\t<div class=\"elementor-post__text\">\n\t\t\t\t<h3 class=\"elementor-post__title\">\n\t\t\t<a href=\"https:\/\/rmelecom.com\/en\/como-reciclar-las-baterias-de-plomo-acido-correctamente\/\" >\n\t\t\t\tC\u00f3mo reciclar las bater\u00edas de plomo \u00e1cido correctamente\t\t\t<\/a>\n\t\t<\/h3>\n\t\t\t\t<div class=\"elementor-post__excerpt\">\n\t\t\t<p>Las bater\u00edas de plomo \u00e1cido son una fuente de energ\u00eda com\u00fan en la industria, pero cuando llega el final de su vida \u00fatil, es importante<\/p>\n\t\t<\/div>\n\t\t\n\t\t<a class=\"elementor-post__read-more\" href=\"https:\/\/rmelecom.com\/en\/como-reciclar-las-baterias-de-plomo-acido-correctamente\/\" aria-label=\"Read more about C\u00f3mo reciclar las bater\u00edas de plomo \u00e1cido correctamente\" tabindex=\"-1\" >\n\t\t\tLeer m\u00e1s \u00bb\t\t<\/a>\n\n\t\t\t\t<\/div>\n\t\t\t\t<div class=\"elementor-post__meta-data\">\n\t\t\t\t\t<span class=\"elementor-post-date\">\n\t\t\t25 de May de 2023\t\t<\/span>\n\t\t\t\t<\/div>\n\t\t\t\t\t<\/div>\n\t\t<\/article>\n\t\t\t\t<article class=\"elementor-post elementor-grid-item post-857 post type-post status-publish format-standard has-post-thumbnail hentry category-baterias\">\n\t\t\t<div class=\"elementor-post__card\">\n\t\t\t\t<a class=\"elementor-post__thumbnail__link\" href=\"https:\/\/rmelecom.com\/en\/como-reciclar-las-pilas-alcalinas-correctamente\/\" tabindex=\"-1\" ><div class=\"elementor-post__thumbnail\"><img decoding=\"async\" width=\"300\" height=\"151\" data-src=\"https:\/\/rmelecom.com\/wp-content\/uploads\/2023\/05\/Group-59-6-300x151.jpg\" class=\"attachment-medium size-medium wp-image-858 lazyload\" alt=\"\" data-srcset=\"https:\/\/rmelecom.com\/wp-content\/uploads\/2023\/05\/Group-59-6-300x151.jpg 300w, https:\/\/rmelecom.com\/wp-content\/uploads\/2023\/05\/Group-59-6-1024x516.jpg 1024w, https:\/\/rmelecom.com\/wp-content\/uploads\/2023\/05\/Group-59-6-768x387.jpg 768w, https:\/\/rmelecom.com\/wp-content\/uploads\/2023\/05\/Group-59-6-1536x774.jpg 1536w, https:\/\/rmelecom.com\/wp-content\/uploads\/2023\/05\/Group-59-6-2048x1032.jpg 2048w, https:\/\/rmelecom.com\/wp-content\/uploads\/2023\/05\/Group-59-6-18x9.jpg 18w\" data-sizes=\"(max-width: 300px) 100vw, 300px\" src=\"data:image\/svg+xml;base64,PHN2ZyB3aWR0aD0iMSIgaGVpZ2h0PSIxIiB4bWxucz0iaHR0cDovL3d3dy53My5vcmcvMjAwMC9zdmciPjwvc3ZnPg==\" style=\"--smush-placeholder-width: 300px; --smush-placeholder-aspect-ratio: 300\/151;\" \/><\/div><\/a>\n\t\t\t\t<div class=\"elementor-post__badge\">BATERIAS<\/div>\n\t\t\t\t<div class=\"elementor-post__text\">\n\t\t\t\t<h3 class=\"elementor-post__title\">\n\t\t\t<a href=\"https:\/\/rmelecom.com\/en\/como-reciclar-las-pilas-alcalinas-correctamente\/\" >\n\t\t\t\tC\u00f3mo reciclar las pilas alcalinas correctamente\t\t\t<\/a>\n\t\t<\/h3>\n\t\t\t\t<div class=\"elementor-post__excerpt\">\n\t\t\t<p>Como empresa, estamos comprometidos con el cuidado del medio ambiente y la responsabilidad social de todos. Sabemos que el reciclaje adecuado de las pilas es<\/p>\n\t\t<\/div>\n\t\t\n\t\t<a class=\"elementor-post__read-more\" href=\"https:\/\/rmelecom.com\/en\/como-reciclar-las-pilas-alcalinas-correctamente\/\" aria-label=\"Read more about C\u00f3mo reciclar las pilas alcalinas correctamente\" tabindex=\"-1\" >\n\t\t\tLeer m\u00e1s \u00bb\t\t<\/a>\n\n\t\t\t\t<\/div>\n\t\t\t\t<div class=\"elementor-post__meta-data\">\n\t\t\t\t\t<span class=\"elementor-post-date\">\n\t\t\t18 de May de 2023\t\t<\/span>\n\t\t\t\t<\/div>\n\t\t\t\t\t<\/div>\n\t\t<\/article>\n\t\t\t\t<article class=\"elementor-post elementor-grid-item post-853 post type-post status-publish format-standard has-post-thumbnail hentry category-patrocinio\">\n\t\t\t<div class=\"elementor-post__card\">\n\t\t\t\t<a class=\"elementor-post__thumbnail__link\" href=\"https:\/\/rmelecom.com\/en\/finaliza-el-tour-mundial-de-tenis-masculino-de-la-itf-y-la-atp\/\" tabindex=\"-1\" ><div class=\"elementor-post__thumbnail\"><img decoding=\"async\" width=\"300\" height=\"151\" data-src=\"https:\/\/rmelecom.com\/wp-content\/uploads\/2023\/05\/Group-59-9-1-300x151.jpg\" class=\"attachment-medium size-medium wp-image-854 lazyload\" alt=\"\" data-srcset=\"https:\/\/rmelecom.com\/wp-content\/uploads\/2023\/05\/Group-59-9-1-300x151.jpg 300w, https:\/\/rmelecom.com\/wp-content\/uploads\/2023\/05\/Group-59-9-1-1024x516.jpg 1024w, https:\/\/rmelecom.com\/wp-content\/uploads\/2023\/05\/Group-59-9-1-768x387.jpg 768w, https:\/\/rmelecom.com\/wp-content\/uploads\/2023\/05\/Group-59-9-1-1536x774.jpg 1536w, https:\/\/rmelecom.com\/wp-content\/uploads\/2023\/05\/Group-59-9-1-2048x1032.jpg 2048w, https:\/\/rmelecom.com\/wp-content\/uploads\/2023\/05\/Group-59-9-1-18x9.jpg 18w\" data-sizes=\"(max-width: 300px) 100vw, 300px\" src=\"data:image\/svg+xml;base64,PHN2ZyB3aWR0aD0iMSIgaGVpZ2h0PSIxIiB4bWxucz0iaHR0cDovL3d3dy53My5vcmcvMjAwMC9zdmciPjwvc3ZnPg==\" style=\"--smush-placeholder-width: 300px; --smush-placeholder-aspect-ratio: 300\/151;\" \/><\/div><\/a>\n\t\t\t\t<div class=\"elementor-post__badge\">PATROCINIO<\/div>\n\t\t\t\t<div class=\"elementor-post__text\">\n\t\t\t\t<h3 class=\"elementor-post__title\">\n\t\t\t<a href=\"https:\/\/rmelecom.com\/en\/finaliza-el-tour-mundial-de-tenis-masculino-de-la-itf-y-la-atp\/\" >\n\t\t\t\tFinaliza el Tour Mundial de Tenis Masculino de la ITF y la ATP\t\t\t<\/a>\n\t\t<\/h3>\n\t\t\t\t<div class=\"elementor-post__excerpt\">\n\t\t\t<p>Este domingo ha finalizado el campeonato ITF WTT Masculino 25M&nbsp;Cercle Sabadell\u00e8s 1856&nbsp;. Desde&nbsp;RM Electronics&nbsp;queremos felicitar a nuestros jugadores, \u00c8ric S\u00e1nchez y Pep Ort\u00edn, y al<\/p>\n\t\t<\/div>\n\t\t\n\t\t<a class=\"elementor-post__read-more\" href=\"https:\/\/rmelecom.com\/en\/finaliza-el-tour-mundial-de-tenis-masculino-de-la-itf-y-la-atp\/\" aria-label=\"Read more about Finaliza el Tour Mundial de Tenis Masculino de la ITF y la ATP\" tabindex=\"-1\" >\n\t\t\tLeer m\u00e1s \u00bb\t\t<\/a>\n\n\t\t\t\t<\/div>\n\t\t\t\t<div class=\"elementor-post__meta-data\">\n\t\t\t\t\t<span class=\"elementor-post-date\">\n\t\t\t9 de May de 2023\t\t<\/span>\n\t\t\t\t<\/div>\n\t\t\t\t\t<\/div>\n\t\t<\/article>\n\t\t\t\t<article class=\"elementor-post elementor-grid-item post-850 post type-post status-publish format-standard has-post-thumbnail hentry category-patrocinio\">\n\t\t\t<div class=\"elementor-post__card\">\n\t\t\t\t<a class=\"elementor-post__thumbnail__link\" href=\"https:\/\/rmelecom.com\/en\/comienzan-las-jornadas-de-dobles-en-el-torneo-de-tenis-itf-25m\/\" tabindex=\"-1\" ><div class=\"elementor-post__thumbnail\"><img decoding=\"async\" width=\"300\" height=\"151\" data-src=\"https:\/\/rmelecom.com\/wp-content\/uploads\/2023\/05\/Group-59-9-300x151.jpg\" class=\"attachment-medium size-medium wp-image-851 lazyload\" alt=\"\" data-srcset=\"https:\/\/rmelecom.com\/wp-content\/uploads\/2023\/05\/Group-59-9-300x151.jpg 300w, https:\/\/rmelecom.com\/wp-content\/uploads\/2023\/05\/Group-59-9-1024x516.jpg 1024w, https:\/\/rmelecom.com\/wp-content\/uploads\/2023\/05\/Group-59-9-768x387.jpg 768w, https:\/\/rmelecom.com\/wp-content\/uploads\/2023\/05\/Group-59-9-1536x774.jpg 1536w, https:\/\/rmelecom.com\/wp-content\/uploads\/2023\/05\/Group-59-9-2048x1032.jpg 2048w, https:\/\/rmelecom.com\/wp-content\/uploads\/2023\/05\/Group-59-9-18x9.jpg 18w\" data-sizes=\"(max-width: 300px) 100vw, 300px\" src=\"data:image\/svg+xml;base64,PHN2ZyB3aWR0aD0iMSIgaGVpZ2h0PSIxIiB4bWxucz0iaHR0cDovL3d3dy53My5vcmcvMjAwMC9zdmciPjwvc3ZnPg==\" style=\"--smush-placeholder-width: 300px; --smush-placeholder-aspect-ratio: 300\/151;\" \/><\/div><\/a>\n\t\t\t\t<div class=\"elementor-post__badge\">PATROCINIO<\/div>\n\t\t\t\t<div class=\"elementor-post__text\">\n\t\t\t\t<h3 class=\"elementor-post__title\">\n\t\t\t<a href=\"https:\/\/rmelecom.com\/en\/comienzan-las-jornadas-de-dobles-en-el-torneo-de-tenis-itf-25m\/\" >\n\t\t\t\tComienzan las jornadas de dobles en el torneo de tenis ITF 25M\t\t\t<\/a>\n\t\t<\/h3>\n\t\t\t\t<div class=\"elementor-post__excerpt\">\n\t\t\t<p>Este martes nuestros jugadores, Pep Ort\u00edn y \u00c8ric S\u00e1nchez disputaron los dobles en la segunda jornada del torneo de tenis ITF 25M que acogen desde<\/p>\n\t\t<\/div>\n\t\t\n\t\t<a class=\"elementor-post__read-more\" href=\"https:\/\/rmelecom.com\/en\/comienzan-las-jornadas-de-dobles-en-el-torneo-de-tenis-itf-25m\/\" aria-label=\"Read more about Comienzan las jornadas de dobles en el torneo de tenis ITF 25M\" tabindex=\"-1\" >\n\t\t\tLeer m\u00e1s \u00bb\t\t<\/a>\n\n\t\t\t\t<\/div>\n\t\t\t\t<div class=\"elementor-post__meta-data\">\n\t\t\t\t\t<span class=\"elementor-post-date\">\n\t\t\t5 de May de 2023\t\t<\/span>\n\t\t\t\t<\/div>\n\t\t\t\t\t<\/div>\n\t\t<\/article>\n\t\t\t\t<article class=\"elementor-post elementor-grid-item post-845 post type-post status-publish format-standard has-post-thumbnail hentry category-patrocinio\">\n\t\t\t<div class=\"elementor-post__card\">\n\t\t\t\t<a class=\"elementor-post__thumbnail__link\" href=\"https:\/\/rmelecom.com\/en\/comienza-a-disputarse-la-copa-del-tour-mundial-de-tenis-masculino-de-la-itf\/\" tabindex=\"-1\" ><div class=\"elementor-post__thumbnail\"><img decoding=\"async\" width=\"300\" height=\"151\" data-src=\"https:\/\/rmelecom.com\/wp-content\/uploads\/2023\/05\/3-2-300x151.jpg\" class=\"attachment-medium size-medium wp-image-848 lazyload\" alt=\"\" data-srcset=\"https:\/\/rmelecom.com\/wp-content\/uploads\/2023\/05\/3-2-300x151.jpg 300w, https:\/\/rmelecom.com\/wp-content\/uploads\/2023\/05\/3-2-1024x516.jpg 1024w, https:\/\/rmelecom.com\/wp-content\/uploads\/2023\/05\/3-2-768x387.jpg 768w, https:\/\/rmelecom.com\/wp-content\/uploads\/2023\/05\/3-2-1536x774.jpg 1536w, https:\/\/rmelecom.com\/wp-content\/uploads\/2023\/05\/3-2-2048x1032.jpg 2048w, https:\/\/rmelecom.com\/wp-content\/uploads\/2023\/05\/3-2-18x9.jpg 18w\" data-sizes=\"(max-width: 300px) 100vw, 300px\" src=\"data:image\/svg+xml;base64,PHN2ZyB3aWR0aD0iMSIgaGVpZ2h0PSIxIiB4bWxucz0iaHR0cDovL3d3dy53My5vcmcvMjAwMC9zdmciPjwvc3ZnPg==\" style=\"--smush-placeholder-width: 300px; --smush-placeholder-aspect-ratio: 300\/151;\" \/><\/div><\/a>\n\t\t\t\t<div class=\"elementor-post__badge\">PATROCINIO<\/div>\n\t\t\t\t<div class=\"elementor-post__text\">\n\t\t\t\t<h3 class=\"elementor-post__title\">\n\t\t\t<a href=\"https:\/\/rmelecom.com\/en\/comienza-a-disputarse-la-copa-del-tour-mundial-de-tenis-masculino-de-la-itf\/\" >\n\t\t\t\tComienza a disputarse la copa del Tour Mundial de Tenis Masculino de la ITF\t\t\t<\/a>\n\t\t<\/h3>\n\t\t\t\t<div class=\"elementor-post__excerpt\">\n\t\t\t<p>Ayer dio comienzo el campeonato ITF WTT Masculino 25M Cercle Sabadell\u00e8s 1856 con la participaci\u00f3n de nuestro jugador \u00c8ric S\u00e1nchez en la previa del pasado<\/p>\n\t\t<\/div>\n\t\t\n\t\t<a class=\"elementor-post__read-more\" href=\"https:\/\/rmelecom.com\/en\/comienza-a-disputarse-la-copa-del-tour-mundial-de-tenis-masculino-de-la-itf\/\" aria-label=\"Read more about Comienza a disputarse la copa del Tour Mundial de Tenis Masculino de la ITF\" tabindex=\"-1\" >\n\t\t\tLeer m\u00e1s \u00bb\t\t<\/a>\n\n\t\t\t\t<\/div>\n\t\t\t\t<div class=\"elementor-post__meta-data\">\n\t\t\t\t\t<span class=\"elementor-post-date\">\n\t\t\t2 de May de 2023\t\t<\/span>\n\t\t\t\t<\/div>\n\t\t\t\t\t<\/div>\n\t\t<\/article>\n\t\t\t\t<article class=\"elementor-post elementor-grid-item post-840 post type-post status-publish format-standard has-post-thumbnail hentry category-patrocinio\">\n\t\t\t<div class=\"elementor-post__card\">\n\t\t\t\t<a class=\"elementor-post__thumbnail__link\" href=\"https:\/\/rmelecom.com\/en\/pistoletazo-de-salida-al-tour-mundial-de-tenis-masculino-de-la-itf-y-la-atp\/\" tabindex=\"-1\" ><div class=\"elementor-post__thumbnail\"><img decoding=\"async\" width=\"300\" height=\"151\" data-src=\"https:\/\/rmelecom.com\/wp-content\/uploads\/2023\/05\/Group-59-2-300x151.jpg\" class=\"attachment-medium size-medium wp-image-843 lazyload\" alt=\"\" data-srcset=\"https:\/\/rmelecom.com\/wp-content\/uploads\/2023\/05\/Group-59-2-300x151.jpg 300w, https:\/\/rmelecom.com\/wp-content\/uploads\/2023\/05\/Group-59-2-1024x516.jpg 1024w, https:\/\/rmelecom.com\/wp-content\/uploads\/2023\/05\/Group-59-2-768x387.jpg 768w, https:\/\/rmelecom.com\/wp-content\/uploads\/2023\/05\/Group-59-2-1536x774.jpg 1536w, https:\/\/rmelecom.com\/wp-content\/uploads\/2023\/05\/Group-59-2-2048x1032.jpg 2048w, https:\/\/rmelecom.com\/wp-content\/uploads\/2023\/05\/Group-59-2-18x9.jpg 18w\" data-sizes=\"(max-width: 300px) 100vw, 300px\" src=\"data:image\/svg+xml;base64,PHN2ZyB3aWR0aD0iMSIgaGVpZ2h0PSIxIiB4bWxucz0iaHR0cDovL3d3dy53My5vcmcvMjAwMC9zdmciPjwvc3ZnPg==\" style=\"--smush-placeholder-width: 300px; --smush-placeholder-aspect-ratio: 300\/151;\" \/><\/div><\/a>\n\t\t\t\t<div class=\"elementor-post__badge\">PATROCINIO<\/div>\n\t\t\t\t<div class=\"elementor-post__text\">\n\t\t\t\t<h3 class=\"elementor-post__title\">\n\t\t\t<a href=\"https:\/\/rmelecom.com\/en\/pistoletazo-de-salida-al-tour-mundial-de-tenis-masculino-de-la-itf-y-la-atp\/\" >\n\t\t\t\tPistoletazo de salida al Tour Mundial de Tenis Masculino de la ITF y la ATP\t\t\t<\/a>\n\t\t<\/h3>\n\t\t\t\t<div class=\"elementor-post__excerpt\">\n\t\t\t<p>La semana pasada se realiz\u00f3 la inauguraci\u00f3n del campeonato ITF WTT Masculino 25M Cercle Sabadell\u00e8s 1856 donde presentamos a nuestros jugadores patrocinados, \u00c8ric S\u00e1nchez y<\/p>\n\t\t<\/div>\n\t\t\n\t\t<a class=\"elementor-post__read-more\" href=\"https:\/\/rmelecom.com\/en\/pistoletazo-de-salida-al-tour-mundial-de-tenis-masculino-de-la-itf-y-la-atp\/\" aria-label=\"Read more about Pistoletazo de salida al Tour Mundial de Tenis Masculino de la ITF y la ATP\" tabindex=\"-1\" >\n\t\t\tLeer m\u00e1s \u00bb\t\t<\/a>\n\n\t\t\t\t<\/div>\n\t\t\t\t<div class=\"elementor-post__meta-data\">\n\t\t\t\t\t<span class=\"elementor-post-date\">\n\t\t\t2 de May de 2023\t\t<\/span>\n\t\t\t\t<\/div>\n\t\t\t\t\t<\/div>\n\t\t<\/article>\n\t\t\t\t<article class=\"elementor-post elementor-grid-item post-835 post type-post status-publish format-standard has-post-thumbnail hentry category-patrocinio\">\n\t\t\t<div class=\"elementor-post__card\">\n\t\t\t\t<a class=\"elementor-post__thumbnail__link\" href=\"https:\/\/rmelecom.com\/en\/rm-electronics-patrocinador-oficial-del-tour-mundial-de-tenis-masculino-de-la-itf-y-la-atp\/\" tabindex=\"-1\" ><div class=\"elementor-post__thumbnail\"><img decoding=\"async\" width=\"300\" height=\"151\" data-src=\"https:\/\/rmelecom.com\/wp-content\/uploads\/2023\/04\/Group-59-300x151.jpg\" class=\"attachment-medium size-medium wp-image-838 lazyload\" alt=\"\" data-srcset=\"https:\/\/rmelecom.com\/wp-content\/uploads\/2023\/04\/Group-59-300x151.jpg 300w, https:\/\/rmelecom.com\/wp-content\/uploads\/2023\/04\/Group-59-1024x516.jpg 1024w, https:\/\/rmelecom.com\/wp-content\/uploads\/2023\/04\/Group-59-768x387.jpg 768w, https:\/\/rmelecom.com\/wp-content\/uploads\/2023\/04\/Group-59-1536x774.jpg 1536w, https:\/\/rmelecom.com\/wp-content\/uploads\/2023\/04\/Group-59-2048x1032.jpg 2048w, https:\/\/rmelecom.com\/wp-content\/uploads\/2023\/04\/Group-59-18x9.jpg 18w\" data-sizes=\"(max-width: 300px) 100vw, 300px\" src=\"data:image\/svg+xml;base64,PHN2ZyB3aWR0aD0iMSIgaGVpZ2h0PSIxIiB4bWxucz0iaHR0cDovL3d3dy53My5vcmcvMjAwMC9zdmciPjwvc3ZnPg==\" style=\"--smush-placeholder-width: 300px; --smush-placeholder-aspect-ratio: 300\/151;\" \/><\/div><\/a>\n\t\t\t\t<div class=\"elementor-post__badge\">PATROCINIO<\/div>\n\t\t\t\t<div class=\"elementor-post__text\">\n\t\t\t\t<h3 class=\"elementor-post__title\">\n\t\t\t<a href=\"https:\/\/rmelecom.com\/en\/rm-electronics-patrocinador-oficial-del-tour-mundial-de-tenis-masculino-de-la-itf-y-la-atp\/\" >\n\t\t\t\tRM Electronics, patrocinador oficial del Tour Mundial de Tenis Masculino de la ITF y la ATP\t\t\t<\/a>\n\t\t<\/h3>\n\t\t\t\t<div class=\"elementor-post__excerpt\">\n\t\t\t<p>Sabadell se prepara para acoger una nueva edici\u00f3n del Tour Mundial de Tenis Masculino de la ITF y la ATP, uno de los eventos deportivos<\/p>\n\t\t<\/div>\n\t\t\n\t\t<a class=\"elementor-post__read-more\" href=\"https:\/\/rmelecom.com\/en\/rm-electronics-patrocinador-oficial-del-tour-mundial-de-tenis-masculino-de-la-itf-y-la-atp\/\" aria-label=\"Read more about RM Electronics, patrocinador oficial del Tour Mundial de Tenis Masculino de la ITF y la ATP\" tabindex=\"-1\" >\n\t\t\tLeer m\u00e1s \u00bb\t\t<\/a>\n\n\t\t\t\t<\/div>\n\t\t\t\t<div class=\"elementor-post__meta-data\">\n\t\t\t\t\t<span class=\"elementor-post-date\">\n\t\t\t21 de April de 2023\t\t<\/span>\n\t\t\t\t<\/div>\n\t\t\t\t\t<\/div>\n\t\t<\/article>\n\t\t\t\t<article class=\"elementor-post elementor-grid-item post-833 post type-post status-publish format-standard hentry category-baterias\">\n\t\t\t<div class=\"elementor-post__card\">\n\t\t\t\t<div class=\"elementor-post__text\">\n\t\t\t\t<h3 class=\"elementor-post__title\">\n\t\t\t<a href=\"https:\/\/rmelecom.com\/en\/como-prolongar-la-vida-util-de-tu-bateria-de-plomo-acido\/\" >\n\t\t\t\tC\u00f3mo prolongar la vida \u00fatil de tu bater\u00eda de plomo \u00e1cido\t\t\t<\/a>\n\t\t<\/h3>\n\t\t\t\t<div class=\"elementor-post__excerpt\">\n\t\t\t<p>\u00bfSab\u00edas que la vida \u00fatil de una bater\u00eda de plomo \u00e1cido depende en gran medida del cuidado que le demos?&nbsp; Si quieres sacar el m\u00e1ximo<\/p>\n\t\t<\/div>\n\t\t\n\t\t<a class=\"elementor-post__read-more\" href=\"https:\/\/rmelecom.com\/en\/como-prolongar-la-vida-util-de-tu-bateria-de-plomo-acido\/\" aria-label=\"Read more about C\u00f3mo prolongar la vida \u00fatil de tu bater\u00eda de plomo \u00e1cido\" tabindex=\"-1\" >\n\t\t\tLeer m\u00e1s \u00bb\t\t<\/a>\n\n\t\t\t\t<\/div>\n\t\t\t\t<div class=\"elementor-post__meta-data\">\n\t\t\t\t\t<span class=\"elementor-post-date\">\n\t\t\t3 de April de 2023\t\t<\/span>\n\t\t\t\t<\/div>\n\t\t\t\t\t<\/div>\n\t\t<\/article>\n\t\t\t\t<article class=\"elementor-post elementor-grid-item post-821 post type-post status-publish format-standard has-post-thumbnail hentry category-baterias\">\n\t\t\t<div class=\"elementor-post__card\">\n\t\t\t\t<a class=\"elementor-post__thumbnail__link\" href=\"https:\/\/rmelecom.com\/en\/bateria-de-plomo-acido-ciclica\/\" tabindex=\"-1\" ><div class=\"elementor-post__thumbnail\"><img decoding=\"async\" width=\"300\" height=\"162\" data-src=\"https:\/\/rmelecom.com\/wp-content\/uploads\/2023\/03\/Group-44-1-1-300x162.jpg\" class=\"attachment-medium size-medium wp-image-829 lazyload\" alt=\"\" data-srcset=\"https:\/\/rmelecom.com\/wp-content\/uploads\/2023\/03\/Group-44-1-1-300x162.jpg 300w, https:\/\/rmelecom.com\/wp-content\/uploads\/2023\/03\/Group-44-1-1-1024x554.jpg 1024w, https:\/\/rmelecom.com\/wp-content\/uploads\/2023\/03\/Group-44-1-1-768x416.jpg 768w, https:\/\/rmelecom.com\/wp-content\/uploads\/2023\/03\/Group-44-1-1-1536x832.jpg 1536w, https:\/\/rmelecom.com\/wp-content\/uploads\/2023\/03\/Group-44-1-1-2048x1109.jpg 2048w, https:\/\/rmelecom.com\/wp-content\/uploads\/2023\/03\/Group-44-1-1-18x10.jpg 18w\" data-sizes=\"(max-width: 300px) 100vw, 300px\" src=\"data:image\/svg+xml;base64,PHN2ZyB3aWR0aD0iMSIgaGVpZ2h0PSIxIiB4bWxucz0iaHR0cDovL3d3dy53My5vcmcvMjAwMC9zdmciPjwvc3ZnPg==\" style=\"--smush-placeholder-width: 300px; --smush-placeholder-aspect-ratio: 300\/162;\" \/><\/div><\/a>\n\t\t\t\t<div class=\"elementor-post__badge\">BATERIAS<\/div>\n\t\t\t\t<div class=\"elementor-post__text\">\n\t\t\t\t<h3 class=\"elementor-post__title\">\n\t\t\t<a href=\"https:\/\/rmelecom.com\/en\/bateria-de-plomo-acido-ciclica\/\" >\n\t\t\t\tBater\u00eda de Plomo \u00c1cido C\u00edclica\t\t\t<\/a>\n\t\t<\/h3>\n\t\t\t\t<div class=\"elementor-post__excerpt\">\n\t\t\t<p>Estas bater\u00edas se componen de celdas voltaicas de plomo \u00e1cido dispuestas una al lado de otra que pueden producir algo m\u00e1s de 2V. Por ello,<\/p>\n\t\t<\/div>\n\t\t\n\t\t<a class=\"elementor-post__read-more\" href=\"https:\/\/rmelecom.com\/en\/bateria-de-plomo-acido-ciclica\/\" aria-label=\"Read more about Bater\u00eda de Plomo \u00c1cido C\u00edclica\" tabindex=\"-1\" >\n\t\t\tLeer m\u00e1s \u00bb\t\t<\/a>\n\n\t\t\t\t<\/div>\n\t\t\t\t<div class=\"elementor-post__meta-data\">\n\t\t\t\t\t<span class=\"elementor-post-date\">\n\t\t\t21 de March de 2023\t\t<\/span>\n\t\t\t\t<\/div>\n\t\t\t\t\t<\/div>\n\t\t<\/article>\n\t\t\t\t<article class=\"elementor-post elementor-grid-item post-824 post type-post status-publish format-standard has-post-thumbnail hentry category-hitos\">\n\t\t\t<div class=\"elementor-post__card\">\n\t\t\t\t<a class=\"elementor-post__thumbnail__link\" href=\"https:\/\/rmelecom.com\/en\/firma-acuerdo-de-exclusividad-con-asia-sources\/\" tabindex=\"-1\" ><div class=\"elementor-post__thumbnail\"><img decoding=\"async\" width=\"300\" height=\"300\" data-src=\"https:\/\/rmelecom.com\/wp-content\/uploads\/2023\/03\/Frame-153-300x300.jpg\" class=\"attachment-medium size-medium wp-image-826 lazyload\" alt=\"\" data-srcset=\"https:\/\/rmelecom.com\/wp-content\/uploads\/2023\/03\/Frame-153-300x300.jpg 300w, https:\/\/rmelecom.com\/wp-content\/uploads\/2023\/03\/Frame-153-1024x1024.jpg 1024w, https:\/\/rmelecom.com\/wp-content\/uploads\/2023\/03\/Frame-153-150x150.jpg 150w, https:\/\/rmelecom.com\/wp-content\/uploads\/2023\/03\/Frame-153-768x768.jpg 768w, https:\/\/rmelecom.com\/wp-content\/uploads\/2023\/03\/Frame-153-1536x1536.jpg 1536w, https:\/\/rmelecom.com\/wp-content\/uploads\/2023\/03\/Frame-153-2048x2048.jpg 2048w, https:\/\/rmelecom.com\/wp-content\/uploads\/2023\/03\/Frame-153-12x12.jpg 12w\" data-sizes=\"(max-width: 300px) 100vw, 300px\" src=\"data:image\/svg+xml;base64,PHN2ZyB3aWR0aD0iMSIgaGVpZ2h0PSIxIiB4bWxucz0iaHR0cDovL3d3dy53My5vcmcvMjAwMC9zdmciPjwvc3ZnPg==\" style=\"--smush-placeholder-width: 300px; --smush-placeholder-aspect-ratio: 300\/300;\" \/><\/div><\/a>\n\t\t\t\t<div class=\"elementor-post__badge\">HITOS<\/div>\n\t\t\t\t<div class=\"elementor-post__text\">\n\t\t\t\t<h3 class=\"elementor-post__title\">\n\t\t\t<a href=\"https:\/\/rmelecom.com\/en\/firma-acuerdo-de-exclusividad-con-asia-sources\/\" >\n\t\t\t\tFIRMA ACUERDO DE EXCLUSIVIDAD CON ASIA SOURCES.\t\t\t<\/a>\n\t\t<\/h3>\n\t\t\t\t<div class=\"elementor-post__excerpt\">\n\t\t\t<p>En 2016 dadas las necesidades del mercado, nuestras l\u00edneas de negocio se ven ampliadas con la firma de un acuerdo de exclusividad con Asia Sources<\/p>\n\t\t<\/div>\n\t\t\n\t\t<a class=\"elementor-post__read-more\" href=\"https:\/\/rmelecom.com\/en\/firma-acuerdo-de-exclusividad-con-asia-sources\/\" aria-label=\"Read more about FIRMA ACUERDO DE EXCLUSIVIDAD CON ASIA SOURCES.\" tabindex=\"-1\" >\n\t\t\tLeer m\u00e1s \u00bb\t\t<\/a>\n\n\t\t\t\t<\/div>\n\t\t\t\t<div class=\"elementor-post__meta-data\">\n\t\t\t\t\t<span class=\"elementor-post-date\">\n\t\t\t16 de March de 2023\t\t<\/span>\n\t\t\t\t<\/div>\n\t\t\t\t\t<\/div>\n\t\t<\/article>\n\t\t\t\t<article class=\"elementor-post elementor-grid-item post-807 post type-post status-publish format-standard has-post-thumbnail hentry category-baterias\">\n\t\t\t<div class=\"elementor-post__card\">\n\t\t\t\t<a class=\"elementor-post__thumbnail__link\" href=\"https:\/\/rmelecom.com\/en\/que-es-una-bateria\/\" tabindex=\"-1\" ><div class=\"elementor-post__thumbnail\"><img decoding=\"async\" width=\"300\" height=\"169\" data-src=\"https:\/\/rmelecom.com\/wp-content\/uploads\/2023\/03\/QEUB-1-300x169.jpg\" class=\"attachment-medium size-medium wp-image-809 lazyload\" alt=\"\" data-srcset=\"https:\/\/rmelecom.com\/wp-content\/uploads\/2023\/03\/QEUB-1-300x169.jpg 300w, https:\/\/rmelecom.com\/wp-content\/uploads\/2023\/03\/QEUB-1-1024x578.jpg 1024w, https:\/\/rmelecom.com\/wp-content\/uploads\/2023\/03\/QEUB-1-768x433.jpg 768w, https:\/\/rmelecom.com\/wp-content\/uploads\/2023\/03\/QEUB-1-1536x867.jpg 1536w, https:\/\/rmelecom.com\/wp-content\/uploads\/2023\/03\/QEUB-1-2048x1156.jpg 2048w, https:\/\/rmelecom.com\/wp-content\/uploads\/2023\/03\/QEUB-1-18x10.jpg 18w\" data-sizes=\"(max-width: 300px) 100vw, 300px\" src=\"data:image\/svg+xml;base64,PHN2ZyB3aWR0aD0iMSIgaGVpZ2h0PSIxIiB4bWxucz0iaHR0cDovL3d3dy53My5vcmcvMjAwMC9zdmciPjwvc3ZnPg==\" style=\"--smush-placeholder-width: 300px; --smush-placeholder-aspect-ratio: 300\/169;\" \/><\/div><\/a>\n\t\t\t\t<div class=\"elementor-post__badge\">BATERIAS<\/div>\n\t\t\t\t<div class=\"elementor-post__text\">\n\t\t\t\t<h3 class=\"elementor-post__title\">\n\t\t\t<a href=\"https:\/\/rmelecom.com\/en\/que-es-una-bateria\/\" >\n\t\t\t\t\u00bfQu\u00e9 es una bater\u00eda?\t\t\t<\/a>\n\t\t<\/h3>\n\t\t\t\t<div class=\"elementor-post__excerpt\">\n\t\t\t<p>Seguramente te habr\u00e1s preguntado alguna vez qu\u00e9 es exactamente una bater\u00eda y c\u00f3mo es su funcionamiento. Una bater\u00eda es un dispositivo que puede almacenar energ\u00eda<\/p>\n\t\t<\/div>\n\t\t\n\t\t<a class=\"elementor-post__read-more\" href=\"https:\/\/rmelecom.com\/en\/que-es-una-bateria\/\" aria-label=\"Read more about \u00bfQu\u00e9 es una bater\u00eda?\" tabindex=\"-1\" >\n\t\t\tLeer m\u00e1s \u00bb\t\t<\/a>\n\n\t\t\t\t<\/div>\n\t\t\t\t<div class=\"elementor-post__meta-data\">\n\t\t\t\t\t<span class=\"elementor-post-date\">\n\t\t\t10 de March de 2023\t\t<\/span>\n\t\t\t\t<\/div>\n\t\t\t\t\t<\/div>\n\t\t<\/article>\n\t\t\t\t<article class=\"elementor-post elementor-grid-item post-802 post type-post status-publish format-standard has-post-thumbnail hentry category-hitos\">\n\t\t\t<div class=\"elementor-post__card\">\n\t\t\t\t<a class=\"elementor-post__thumbnail__link\" href=\"https:\/\/rmelecom.com\/en\/varta-rm\/\" tabindex=\"-1\" ><div class=\"elementor-post__thumbnail\"><img decoding=\"async\" width=\"300\" height=\"169\" data-src=\"https:\/\/rmelecom.com\/wp-content\/uploads\/2023\/02\/Frame-122-2-1-300x169.jpg\" class=\"attachment-medium size-medium wp-image-804 lazyload\" alt=\"\" data-srcset=\"https:\/\/rmelecom.com\/wp-content\/uploads\/2023\/02\/Frame-122-2-1-300x169.jpg 300w, https:\/\/rmelecom.com\/wp-content\/uploads\/2023\/02\/Frame-122-2-1-1024x576.jpg 1024w, https:\/\/rmelecom.com\/wp-content\/uploads\/2023\/02\/Frame-122-2-1-768x432.jpg 768w, https:\/\/rmelecom.com\/wp-content\/uploads\/2023\/02\/Frame-122-2-1-1536x864.jpg 1536w, https:\/\/rmelecom.com\/wp-content\/uploads\/2023\/02\/Frame-122-2-1-2048x1152.jpg 2048w, https:\/\/rmelecom.com\/wp-content\/uploads\/2023\/02\/Frame-122-2-1-18x10.jpg 18w\" data-sizes=\"(max-width: 300px) 100vw, 300px\" src=\"data:image\/svg+xml;base64,PHN2ZyB3aWR0aD0iMSIgaGVpZ2h0PSIxIiB4bWxucz0iaHR0cDovL3d3dy53My5vcmcvMjAwMC9zdmciPjwvc3ZnPg==\" style=\"--smush-placeholder-width: 300px; --smush-placeholder-aspect-ratio: 300\/169;\" \/><\/div><\/a>\n\t\t\t\t<div class=\"elementor-post__badge\">HITOS<\/div>\n\t\t\t\t<div class=\"elementor-post__text\">\n\t\t\t\t<h3 class=\"elementor-post__title\">\n\t\t\t<a href=\"https:\/\/rmelecom.com\/en\/varta-rm\/\" >\n\t\t\t\tVARTA &#038; RM\t\t\t<\/a>\n\t\t<\/h3>\n\t\t\t\t<div class=\"elementor-post__excerpt\">\n\t\t\t<p>Uno de los hitos que cumplimos en RM Electronics este a\u00f1o es el d\u00e9cimo aniversario del acuerdo firmado con Varta. En 2013, la multinacional alemana<\/p>\n\t\t<\/div>\n\t\t\n\t\t<a class=\"elementor-post__read-more\" href=\"https:\/\/rmelecom.com\/en\/varta-rm\/\" aria-label=\"Read more about VARTA &#038; RM\" tabindex=\"-1\" >\n\t\t\tLeer m\u00e1s \u00bb\t\t<\/a>\n\n\t\t\t\t<\/div>\n\t\t\t\t<div class=\"elementor-post__meta-data\">\n\t\t\t\t\t<span class=\"elementor-post-date\">\n\t\t\t23 de February de 2023\t\t<\/span>\n\t\t\t\t<\/div>\n\t\t\t\t\t<\/div>\n\t\t<\/article>\n\t\t\t\t<article class=\"elementor-post elementor-grid-item post-797 post type-post status-publish format-standard has-post-thumbnail hentry category-baterias\">\n\t\t\t<div class=\"elementor-post__card\">\n\t\t\t\t<a class=\"elementor-post__thumbnail__link\" href=\"https:\/\/rmelecom.com\/en\/siempre-hay-que-prestar-atencion-al-etiquetado-de-las-baterias\/\" tabindex=\"-1\" ><div class=\"elementor-post__thumbnail\"><img decoding=\"async\" width=\"300\" height=\"169\" data-src=\"https:\/\/rmelecom.com\/wp-content\/uploads\/2023\/02\/Group-31-300x169.jpg\" class=\"attachment-medium size-medium wp-image-793 lazyload\" alt=\"\" data-srcset=\"https:\/\/rmelecom.com\/wp-content\/uploads\/2023\/02\/Group-31-300x169.jpg 300w, https:\/\/rmelecom.com\/wp-content\/uploads\/2023\/02\/Group-31-1024x578.jpg 1024w, https:\/\/rmelecom.com\/wp-content\/uploads\/2023\/02\/Group-31-768x433.jpg 768w, https:\/\/rmelecom.com\/wp-content\/uploads\/2023\/02\/Group-31-1536x867.jpg 1536w, https:\/\/rmelecom.com\/wp-content\/uploads\/2023\/02\/Group-31-2048x1156.jpg 2048w, https:\/\/rmelecom.com\/wp-content\/uploads\/2023\/02\/Group-31-18x10.jpg 18w\" data-sizes=\"(max-width: 300px) 100vw, 300px\" src=\"data:image\/svg+xml;base64,PHN2ZyB3aWR0aD0iMSIgaGVpZ2h0PSIxIiB4bWxucz0iaHR0cDovL3d3dy53My5vcmcvMjAwMC9zdmciPjwvc3ZnPg==\" style=\"--smush-placeholder-width: 300px; --smush-placeholder-aspect-ratio: 300\/169;\" \/><\/div><\/a>\n\t\t\t\t<div class=\"elementor-post__badge\">BATERIAS<\/div>\n\t\t\t\t<div class=\"elementor-post__text\">\n\t\t\t\t<h3 class=\"elementor-post__title\">\n\t\t\t<a href=\"https:\/\/rmelecom.com\/en\/siempre-hay-que-prestar-atencion-al-etiquetado-de-las-baterias\/\" >\n\t\t\t\tSiempre hay que prestar atenci\u00f3n al etiquetado de las bater\u00edas.\t\t\t<\/a>\n\t\t<\/h3>\n\t\t\t\t<div class=\"elementor-post__excerpt\">\n\t\t\t<p>En especial cuando te encuentres una se\u00f1al como esta, ya este icono indica el peligro que entra\u00f1a el \u00e1cido que contiene la bater\u00eda. Dado que<\/p>\n\t\t<\/div>\n\t\t\n\t\t<a class=\"elementor-post__read-more\" href=\"https:\/\/rmelecom.com\/en\/siempre-hay-que-prestar-atencion-al-etiquetado-de-las-baterias\/\" aria-label=\"Read more about Siempre hay que prestar atenci\u00f3n al etiquetado de las bater\u00edas.\" tabindex=\"-1\" >\n\t\t\tLeer m\u00e1s \u00bb\t\t<\/a>\n\n\t\t\t\t<\/div>\n\t\t\t\t<div class=\"elementor-post__meta-data\">\n\t\t\t\t\t<span class=\"elementor-post-date\">\n\t\t\t15 de February de 2023\t\t<\/span>\n\t\t\t\t<\/div>\n\t\t\t\t\t<\/div>\n\t\t<\/article>\n\t\t\t\t<article class=\"elementor-post elementor-grid-item post-791 post type-post status-publish format-standard has-post-thumbnail hentry category-externo\">\n\t\t\t<div class=\"elementor-post__card\">\n\t\t\t\t<a class=\"elementor-post__thumbnail__link\" href=\"https:\/\/rmelecom.com\/en\/cataluna-actualiza-su-convenio-sobre-residuos-de-pilas-y-acumuladores\/\" tabindex=\"-1\" ><div class=\"elementor-post__thumbnail\"><img decoding=\"async\" width=\"300\" height=\"165\" data-src=\"https:\/\/rmelecom.com\/wp-content\/uploads\/2023\/02\/np_conveni_piles_img01.jpg_1719194251_1_1.jpg-300x165.webp\" class=\"attachment-medium size-medium wp-image-795 lazyload\" alt=\"\" data-srcset=\"https:\/\/rmelecom.com\/wp-content\/uploads\/2023\/02\/np_conveni_piles_img01.jpg_1719194251_1_1.jpg-300x165.webp 300w, https:\/\/rmelecom.com\/wp-content\/uploads\/2023\/02\/np_conveni_piles_img01.jpg_1719194251_1_1.jpg-1024x563.webp 1024w, https:\/\/rmelecom.com\/wp-content\/uploads\/2023\/02\/np_conveni_piles_img01.jpg_1719194251_1_1.jpg-768x422.webp 768w, https:\/\/rmelecom.com\/wp-content\/uploads\/2023\/02\/np_conveni_piles_img01.jpg_1719194251_1_1.jpg-18x10.webp 18w, https:\/\/rmelecom.com\/wp-content\/uploads\/2023\/02\/np_conveni_piles_img01.jpg_1719194251_1_1.jpg.webp 1200w\" data-sizes=\"(max-width: 300px) 100vw, 300px\" src=\"data:image\/svg+xml;base64,PHN2ZyB3aWR0aD0iMSIgaGVpZ2h0PSIxIiB4bWxucz0iaHR0cDovL3d3dy53My5vcmcvMjAwMC9zdmciPjwvc3ZnPg==\" style=\"--smush-placeholder-width: 300px; --smush-placeholder-aspect-ratio: 300\/165;\" \/><\/div><\/a>\n\t\t\t\t<div class=\"elementor-post__badge\">EXTERNO<\/div>\n\t\t\t\t<div class=\"elementor-post__text\">\n\t\t\t\t<h3 class=\"elementor-post__title\">\n\t\t\t<a href=\"https:\/\/rmelecom.com\/en\/cataluna-actualiza-su-convenio-sobre-residuos-de-pilas-y-acumuladores\/\" >\n\t\t\t\tCatalu\u00f1a actualiza su convenio sobre residuos de pilas y acumuladores.\t\t\t<\/a>\n\t\t<\/h3>\n\t\t\t\t<div class=\"elementor-post__excerpt\">\n\t\t\t<p>El acuerdo ha sido gracias a la colaboraci\u00f3n entre la Agencia de Residuos de Catalu\u00f1a y los Sistemas Colectivos de Responsabilidad Ampliada del Productor (SCRAP)<\/p>\n\t\t<\/div>\n\t\t\n\t\t<a class=\"elementor-post__read-more\" href=\"https:\/\/rmelecom.com\/en\/cataluna-actualiza-su-convenio-sobre-residuos-de-pilas-y-acumuladores\/\" aria-label=\"Read more about Catalu\u00f1a actualiza su convenio sobre residuos de pilas y acumuladores.\" tabindex=\"-1\" >\n\t\t\tLeer m\u00e1s \u00bb\t\t<\/a>\n\n\t\t\t\t<\/div>\n\t\t\t\t<div class=\"elementor-post__meta-data\">\n\t\t\t\t\t<span class=\"elementor-post-date\">\n\t\t\t14 de February de 2023\t\t<\/span>\n\t\t\t\t<\/div>\n\t\t\t\t\t<\/div>\n\t\t<\/article>\n\t\t\t\t<article class=\"elementor-post elementor-grid-item post-776 post type-post status-publish format-standard has-post-thumbnail hentry category-social\">\n\t\t\t<div class=\"elementor-post__card\">\n\t\t\t\t<a class=\"elementor-post__thumbnail__link\" href=\"https:\/\/rmelecom.com\/en\/una-noche-de-reyes-muy-especial\/\" tabindex=\"-1\" ><div class=\"elementor-post__thumbnail\"><img decoding=\"async\" width=\"225\" height=\"300\" data-src=\"https:\/\/rmelecom.com\/wp-content\/uploads\/2023\/01\/ReyesHospital-225x300.jpeg\" class=\"attachment-medium size-medium wp-image-777 lazyload\" alt=\"\" data-srcset=\"https:\/\/rmelecom.com\/wp-content\/uploads\/2023\/01\/ReyesHospital-225x300.jpeg 225w, https:\/\/rmelecom.com\/wp-content\/uploads\/2023\/01\/ReyesHospital-768x1024.jpeg 768w, https:\/\/rmelecom.com\/wp-content\/uploads\/2023\/01\/ReyesHospital-1152x1536.jpeg 1152w, https:\/\/rmelecom.com\/wp-content\/uploads\/2023\/01\/ReyesHospital-9x12.jpeg 9w, https:\/\/rmelecom.com\/wp-content\/uploads\/2023\/01\/ReyesHospital.jpeg 1200w\" data-sizes=\"(max-width: 225px) 100vw, 225px\" src=\"data:image\/svg+xml;base64,PHN2ZyB3aWR0aD0iMSIgaGVpZ2h0PSIxIiB4bWxucz0iaHR0cDovL3d3dy53My5vcmcvMjAwMC9zdmciPjwvc3ZnPg==\" style=\"--smush-placeholder-width: 225px; --smush-placeholder-aspect-ratio: 225\/300;\" \/><\/div><\/a>\n\t\t\t\t<div class=\"elementor-post__badge\">SOCIAL<\/div>\n\t\t\t\t<div class=\"elementor-post__text\">\n\t\t\t\t<h3 class=\"elementor-post__title\">\n\t\t\t<a href=\"https:\/\/rmelecom.com\/en\/una-noche-de-reyes-muy-especial\/\" >\n\t\t\t\tUna noche de Reyes muy especial.\t\t\t<\/a>\n\t\t<\/h3>\n\t\t\t\t<div class=\"elementor-post__excerpt\">\n\t\t\t<p>El pasado d\u00eda 6, los Reyes Magos del servicio de pediatr\u00eda del&nbsp;Hospital de la Santa Creu i Sant Pau&nbsp;de&nbsp;Barcelona les dio a los ni\u00f1os el<\/p>\n\t\t<\/div>\n\t\t\n\t\t<a class=\"elementor-post__read-more\" href=\"https:\/\/rmelecom.com\/en\/una-noche-de-reyes-muy-especial\/\" aria-label=\"Read more about Una noche de Reyes muy especial.\" tabindex=\"-1\" >\n\t\t\tLeer m\u00e1s \u00bb\t\t<\/a>\n\n\t\t\t\t<\/div>\n\t\t\t\t<div class=\"elementor-post__meta-data\">\n\t\t\t\t\t<span class=\"elementor-post-date\">\n\t\t\t12 de January de 2023\t\t<\/span>\n\t\t\t\t<\/div>\n\t\t\t\t\t<\/div>\n\t\t<\/article>\n\t\t\t\t<article class=\"elementor-post elementor-grid-item post-772 post type-post status-publish format-standard hentry category-sin-categoria\">\n\t\t\t<div class=\"elementor-post__card\">\n\t\t\t\t<div class=\"elementor-post__text\">\n\t\t\t\t<h3 class=\"elementor-post__title\">\n\t\t\t<a href=\"https:\/\/rmelecom.com\/en\/5-curiosidades-que-no-sabias-sobre-las-pilas-%ef%bf%bc\/\" >\n\t\t\t\tDatos curiosos sobre las pilas.\t\t\t<\/a>\n\t\t<\/h3>\n\t\t\t\t<div class=\"elementor-post__excerpt\">\n\t\t\t<p>Para empezar la semana con buen pie, os traemos&nbsp;algunos datos interesantes sobre las pilas. &nbsp;El primer prototipo de pila fue inventado el 20 de marzo<\/p>\n\t\t<\/div>\n\t\t\n\t\t<a class=\"elementor-post__read-more\" href=\"https:\/\/rmelecom.com\/en\/5-curiosidades-que-no-sabias-sobre-las-pilas-%ef%bf%bc\/\" aria-label=\"Read more about Datos curiosos sobre las pilas.\" tabindex=\"-1\" >\n\t\t\tLeer m\u00e1s \u00bb\t\t<\/a>\n\n\t\t\t\t<\/div>\n\t\t\t\t<div class=\"elementor-post__meta-data\">\n\t\t\t\t\t<span class=\"elementor-post-date\">\n\t\t\t9 de January de 2023\t\t<\/span>\n\t\t\t\t<\/div>\n\t\t\t\t\t<\/div>\n\t\t<\/article>\n\t\t\t\t<article class=\"elementor-post elementor-grid-item post-764 post type-post status-publish format-standard has-post-thumbnail hentry category-social\">\n\t\t\t<div class=\"elementor-post__card\">\n\t\t\t\t<a class=\"elementor-post__thumbnail__link\" href=\"https:\/\/rmelecom.com\/en\/iniciativa-solidaria\/\" tabindex=\"-1\" ><div class=\"elementor-post__thumbnail\"><img decoding=\"async\" width=\"300\" height=\"225\" data-src=\"https:\/\/rmelecom.com\/wp-content\/uploads\/2022\/12\/WhatsApp-Image-2022-12-28-at-12.16.10-300x225.jpeg\" class=\"attachment-medium size-medium wp-image-766 lazyload\" alt=\"\" data-srcset=\"https:\/\/rmelecom.com\/wp-content\/uploads\/2022\/12\/WhatsApp-Image-2022-12-28-at-12.16.10-300x225.jpeg 300w, https:\/\/rmelecom.com\/wp-content\/uploads\/2022\/12\/WhatsApp-Image-2022-12-28-at-12.16.10-1024x768.jpeg 1024w, https:\/\/rmelecom.com\/wp-content\/uploads\/2022\/12\/WhatsApp-Image-2022-12-28-at-12.16.10-768x576.jpeg 768w, https:\/\/rmelecom.com\/wp-content\/uploads\/2022\/12\/WhatsApp-Image-2022-12-28-at-12.16.10-1536x1152.jpeg 1536w, https:\/\/rmelecom.com\/wp-content\/uploads\/2022\/12\/WhatsApp-Image-2022-12-28-at-12.16.10-16x12.jpeg 16w, https:\/\/rmelecom.com\/wp-content\/uploads\/2022\/12\/WhatsApp-Image-2022-12-28-at-12.16.10.jpeg 1600w\" data-sizes=\"(max-width: 300px) 100vw, 300px\" src=\"data:image\/svg+xml;base64,PHN2ZyB3aWR0aD0iMSIgaGVpZ2h0PSIxIiB4bWxucz0iaHR0cDovL3d3dy53My5vcmcvMjAwMC9zdmciPjwvc3ZnPg==\" style=\"--smush-placeholder-width: 300px; --smush-placeholder-aspect-ratio: 300\/225;\" \/><\/div><\/a>\n\t\t\t\t<div class=\"elementor-post__badge\">SOCIAL<\/div>\n\t\t\t\t<div class=\"elementor-post__text\">\n\t\t\t\t<h3 class=\"elementor-post__title\">\n\t\t\t<a href=\"https:\/\/rmelecom.com\/en\/iniciativa-solidaria\/\" >\n\t\t\t\tRM Electronics hace entrega al Hospital de la Santa Creu i Sant Pau de Barcelona de un lote de juguetes para los ni\u00f1os ingresados en la planta de Pediatr\u00eda.\t\t\t<\/a>\n\t\t<\/h3>\n\t\t\t\t<div class=\"elementor-post__excerpt\">\n\t\t\t<p>RM Electronics y VARTA AG organizan una iniciativa solidaria con el objetivo de hacer entrega de un lote de juguetes para los ni\u00f1os ingresados en<\/p>\n\t\t<\/div>\n\t\t\n\t\t<a class=\"elementor-post__read-more\" href=\"https:\/\/rmelecom.com\/en\/iniciativa-solidaria\/\" aria-label=\"Read more about RM Electronics hace entrega al Hospital de la Santa Creu i Sant Pau de Barcelona de un lote de juguetes para los ni\u00f1os ingresados en la planta de Pediatr\u00eda.\" tabindex=\"-1\" >\n\t\t\tLeer m\u00e1s \u00bb\t\t<\/a>\n\n\t\t\t\t<\/div>\n\t\t\t\t<div class=\"elementor-post__meta-data\">\n\t\t\t\t\t<span class=\"elementor-post-date\">\n\t\t\t28 de December de 2022\t\t<\/span>\n\t\t\t\t<\/div>\n\t\t\t\t\t<\/div>\n\t\t<\/article>\n\t\t\t\t<article class=\"elementor-post elementor-grid-item post-760 post type-post status-publish format-standard has-post-thumbnail hentry category-presencia\">\n\t\t\t<div class=\"elementor-post__card\">\n\t\t\t\t<a class=\"elementor-post__thumbnail__link\" href=\"https:\/\/rmelecom.com\/en\/feliz-navidad\/\" tabindex=\"-1\" ><div class=\"elementor-post__thumbnail\"><img decoding=\"async\" width=\"300\" height=\"185\" data-src=\"https:\/\/rmelecom.com\/wp-content\/uploads\/2022\/12\/rm-w-xmas-300x185.png\" class=\"attachment-medium size-medium wp-image-763 lazyload\" alt=\"\" data-srcset=\"https:\/\/rmelecom.com\/wp-content\/uploads\/2022\/12\/rm-w-xmas-300x185.png 300w, https:\/\/rmelecom.com\/wp-content\/uploads\/2022\/12\/rm-w-xmas-1024x632.png 1024w, https:\/\/rmelecom.com\/wp-content\/uploads\/2022\/12\/rm-w-xmas-768x474.png 768w, https:\/\/rmelecom.com\/wp-content\/uploads\/2022\/12\/rm-w-xmas-18x12.png 18w, https:\/\/rmelecom.com\/wp-content\/uploads\/2022\/12\/rm-w-xmas.png 1232w\" data-sizes=\"(max-width: 300px) 100vw, 300px\" src=\"data:image\/svg+xml;base64,PHN2ZyB3aWR0aD0iMSIgaGVpZ2h0PSIxIiB4bWxucz0iaHR0cDovL3d3dy53My5vcmcvMjAwMC9zdmciPjwvc3ZnPg==\" style=\"--smush-placeholder-width: 300px; --smush-placeholder-aspect-ratio: 300\/185;\" \/><\/div><\/a>\n\t\t\t\t<div class=\"elementor-post__badge\">PRESENCIA<\/div>\n\t\t\t\t<div class=\"elementor-post__text\">\n\t\t\t\t<h3 class=\"elementor-post__title\">\n\t\t\t<a href=\"https:\/\/rmelecom.com\/en\/feliz-navidad\/\" >\n\t\t\t\tFELIZ NAVIDAD\t\t\t<\/a>\n\t\t<\/h3>\n\t\t\t\t<div class=\"elementor-post__excerpt\">\n\t\t\t<p>Desde la familia de RM Electronics, queremos desearos una muy feliz navidad y pr\u00f3spero a\u00f1o 2023. Diciembre es el mes de recordar todo lo vivido<\/p>\n\t\t<\/div>\n\t\t\n\t\t<a class=\"elementor-post__read-more\" href=\"https:\/\/rmelecom.com\/en\/feliz-navidad\/\" aria-label=\"Read more about FELIZ NAVIDAD\" tabindex=\"-1\" >\n\t\t\tLeer m\u00e1s \u00bb\t\t<\/a>\n\n\t\t\t\t<\/div>\n\t\t\t\t<div class=\"elementor-post__meta-data\">\n\t\t\t\t\t<span class=\"elementor-post-date\">\n\t\t\t28 de December de 2022\t\t<\/span>\n\t\t\t\t<\/div>\n\t\t\t\t\t<\/div>\n\t\t<\/article>\n\t\t\t\t<article class=\"elementor-post elementor-grid-item post-711 post type-post status-publish format-standard has-post-thumbnail hentry category-presencia\">\n\t\t\t<div class=\"elementor-post__card\">\n\t\t\t\t<a class=\"elementor-post__thumbnail__link\" href=\"https:\/\/rmelecom.com\/en\/matelec-22\/\" tabindex=\"-1\" ><div class=\"elementor-post__thumbnail\"><img decoding=\"async\" width=\"300\" height=\"224\" data-src=\"https:\/\/rmelecom.com\/wp-content\/uploads\/2022\/11\/1669029411676-300x224.jpeg\" class=\"attachment-medium size-medium wp-image-713 lazyload\" alt=\"\" data-srcset=\"https:\/\/rmelecom.com\/wp-content\/uploads\/2022\/11\/1669029411676-300x224.jpeg 300w, https:\/\/rmelecom.com\/wp-content\/uploads\/2022\/11\/1669029411676-768x573.jpeg 768w, https:\/\/rmelecom.com\/wp-content\/uploads\/2022\/11\/1669029411676.jpeg 1024w\" data-sizes=\"(max-width: 300px) 100vw, 300px\" src=\"data:image\/svg+xml;base64,PHN2ZyB3aWR0aD0iMSIgaGVpZ2h0PSIxIiB4bWxucz0iaHR0cDovL3d3dy53My5vcmcvMjAwMC9zdmciPjwvc3ZnPg==\" style=\"--smush-placeholder-width: 300px; --smush-placeholder-aspect-ratio: 300\/224;\" \/><\/div><\/a>\n\t\t\t\t<div class=\"elementor-post__badge\">PRESENCIA<\/div>\n\t\t\t\t<div class=\"elementor-post__text\">\n\t\t\t\t<h3 class=\"elementor-post__title\">\n\t\t\t<a href=\"https:\/\/rmelecom.com\/en\/matelec-22\/\" >\n\t\t\t\tMATELEC 22\t\t\t<\/a>\n\t\t<\/h3>\n\t\t\t\t<div class=\"elementor-post__excerpt\">\n\t\t\t<p>Concluimos la feria MATELEC 2022\u00a0(Sal\u00f3n Internacional de Soluciones para la Industria El\u00e9ctrica y Electr\u00f3nica) tras cuatro intensos d\u00edas donde hemos podido reencontrarnos con nuestro clientes<\/p>\n\t\t<\/div>\n\t\t\n\t\t<a class=\"elementor-post__read-more\" href=\"https:\/\/rmelecom.com\/en\/matelec-22\/\" aria-label=\"Read more about MATELEC 22\" tabindex=\"-1\" >\n\t\t\tLeer m\u00e1s \u00bb\t\t<\/a>\n\n\t\t\t\t<\/div>\n\t\t\t\t<div class=\"elementor-post__meta-data\">\n\t\t\t\t\t<span class=\"elementor-post-date\">\n\t\t\t23 de November de 2022\t\t<\/span>\n\t\t\t\t<\/div>\n\t\t\t\t\t<\/div>\n\t\t<\/article>\n\t\t\t\t<article class=\"elementor-post elementor-grid-item post-1 post type-post status-publish format-standard has-post-thumbnail hentry category-presencia\">\n\t\t\t<div class=\"elementor-post__card\">\n\t\t\t\t<a class=\"elementor-post__thumbnail__link\" href=\"https:\/\/rmelecom.com\/en\/hola-mundo\/\" tabindex=\"-1\" ><div class=\"elementor-post__thumbnail\"><img decoding=\"async\" width=\"300\" height=\"147\" data-src=\"https:\/\/rmelecom.com\/wp-content\/uploads\/2022\/10\/Captura-de-pantalla-2022-11-15-a-las-11.35.17-300x147.png\" class=\"attachment-medium size-medium wp-image-673 lazyload\" alt=\"\" data-srcset=\"https:\/\/rmelecom.com\/wp-content\/uploads\/2022\/10\/Captura-de-pantalla-2022-11-15-a-las-11.35.17-300x147.png 300w, https:\/\/rmelecom.com\/wp-content\/uploads\/2022\/10\/Captura-de-pantalla-2022-11-15-a-las-11.35.17-1024x502.png 1024w, https:\/\/rmelecom.com\/wp-content\/uploads\/2022\/10\/Captura-de-pantalla-2022-11-15-a-las-11.35.17-768x376.png 768w, https:\/\/rmelecom.com\/wp-content\/uploads\/2022\/10\/Captura-de-pantalla-2022-11-15-a-las-11.35.17-1536x753.png 1536w, https:\/\/rmelecom.com\/wp-content\/uploads\/2022\/10\/Captura-de-pantalla-2022-11-15-a-las-11.35.17-2048x1004.png 2048w\" data-sizes=\"(max-width: 300px) 100vw, 300px\" src=\"data:image\/svg+xml;base64,PHN2ZyB3aWR0aD0iMSIgaGVpZ2h0PSIxIiB4bWxucz0iaHR0cDovL3d3dy53My5vcmcvMjAwMC9zdmciPjwvc3ZnPg==\" style=\"--smush-placeholder-width: 300px; --smush-placeholder-aspect-ratio: 300\/147;\" \/><\/div><\/a>\n\t\t\t\t<div class=\"elementor-post__badge\">PRESENCIA<\/div>\n\t\t\t\t<div class=\"elementor-post__text\">\n\t\t\t\t<h3 class=\"elementor-post__title\">\n\t\t\t<a href=\"https:\/\/rmelecom.com\/en\/hola-mundo\/\" >\n\t\t\t\tRM Electronics volver\u00e1 a estar como expositor en MATELEC\t\t\t<\/a>\n\t\t<\/h3>\n\t\t\t\t<div class=\"elementor-post__excerpt\">\n\t\t\t<p>MATELEC es la feria de referencia para la industria el\u00e9ctrica, electr\u00f3nica y de telecomunicaciones. Bajo el paraguas de ePower&amp;Building potencia su capacidad de convocatoria y<\/p>\n\t\t<\/div>\n\t\t\n\t\t<a class=\"elementor-post__read-more\" href=\"https:\/\/rmelecom.com\/en\/hola-mundo\/\" aria-label=\"Read more about RM Electronics volver\u00e1 a estar como expositor en MATELEC\" tabindex=\"-1\" >\n\t\t\tLeer m\u00e1s \u00bb\t\t<\/a>\n\n\t\t\t\t<\/div>\n\t\t\t\t<div class=\"elementor-post__meta-data\">\n\t\t\t\t\t<span class=\"elementor-post-date\">\n\t\t\t10 de October de 2022\t\t<\/span>\n\t\t\t\t<\/div>\n\t\t\t\t\t<\/div>\n\t\t<\/article>\n\t\t\t\t<\/div>\n\t\t\n\t\t\t\t\t\t<\/div>\n\t\t\t\t<\/div>\n\t\t\t\t\t<\/div>\n\t\t<\/div>\n\t\t\t\t\t<\/div>\n\t\t<\/section>\n\t\t<div class=\"elementor-element elementor-element-d475866 e-flex e-con-boxed e-con e-parent\" data-id=\"d475866\" data-element_type=\"container\">\n\t\t\t\t\t<div class=\"e-con-inner\">\n\t\t\t\t\t<\/div>\n\t\t\t\t<\/div>\n\t\t\t\t<\/div>\n\t\t","protected":false},"excerpt":{"rendered":"<p>News<\/p>","protected":false},"author":1,"featured_media":0,"parent":0,"menu_order":0,"comment_status":"closed","ping_status":"open","template":"","meta":{"_monsterinsights_skip_tracking":false,"_monsterinsights_sitenote_active":false,"_monsterinsights_sitenote_note":"","_monsterinsights_sitenote_category":0,"_joinchat":[],"footnotes":""},"class_list":["post-595","page","type-page","status-publish","hentry"],"yoast_head":"<!-- This site is optimized with the Yoast SEO Premium plugin v22.2 (Yoast SEO v27.4) - https:\/\/yoast.com\/product\/yoast-seo-premium-wordpress\/ -->\n<title>Noticias - RM Electronics Components<\/title>\n<meta name=\"robots\" content=\"index, follow, max-snippet:-1, max-image-preview:large, max-video-preview:-1\" \/>\n<link rel=\"canonical\" href=\"https:\/\/rmelecom.com\/en\/noticias\/\" \/>\n<meta property=\"og:locale\" content=\"en_GB\" \/>\n<meta property=\"og:type\" content=\"article\" \/>\n<meta property=\"og:title\" content=\"Noticias\" \/>\n<meta property=\"og:description\" content=\"Noticias\" \/>\n<meta property=\"og:url\" content=\"https:\/\/rmelecom.com\/en\/noticias\/\" \/>\n<meta property=\"og:site_name\" content=\"RM Electronics Components\" \/>\n<meta property=\"article:publisher\" content=\"https:\/\/www.facebook.com\/profile.php?id=100090814748201\" \/>\n<meta property=\"article:modified_time\" content=\"2024-07-02T11:36:39+00:00\" \/>\n<meta name=\"twitter:card\" content=\"summary_large_image\" \/>\n<meta name=\"twitter:label1\" content=\"Est. reading time\" \/>\n\t<meta name=\"twitter:data1\" content=\"20 minutes\" \/>\n<script type=\"application\/ld+json\" class=\"yoast-schema-graph\">{\"@context\":\"https:\\\/\\\/schema.org\",\"@graph\":[{\"@type\":\"WebPage\",\"@id\":\"https:\\\/\\\/rmelecom.com\\\/noticias\\\/\",\"url\":\"https:\\\/\\\/rmelecom.com\\\/noticias\\\/\",\"name\":\"Noticias - RM Electronics Components\",\"isPartOf\":{\"@id\":\"https:\\\/\\\/rmelecom.com\\\/#website\"},\"datePublished\":\"2022-11-09T23:14:46+00:00\",\"dateModified\":\"2024-07-02T11:36:39+00:00\",\"breadcrumb\":{\"@id\":\"https:\\\/\\\/rmelecom.com\\\/noticias\\\/#breadcrumb\"},\"inLanguage\":\"en-GB\",\"potentialAction\":[{\"@type\":\"ReadAction\",\"target\":[\"https:\\\/\\\/rmelecom.com\\\/noticias\\\/\"]}]},{\"@type\":\"BreadcrumbList\",\"@id\":\"https:\\\/\\\/rmelecom.com\\\/noticias\\\/#breadcrumb\",\"itemListElement\":[{\"@type\":\"ListItem\",\"position\":1,\"name\":\"Portada\",\"item\":\"https:\\\/\\\/rmelecom.com\\\/\"},{\"@type\":\"ListItem\",\"position\":2,\"name\":\"Noticias\"}]},{\"@type\":\"WebSite\",\"@id\":\"https:\\\/\\\/rmelecom.com\\\/#website\",\"url\":\"https:\\\/\\\/rmelecom.com\\\/\",\"name\":\"RM Electronics Components\",\"description\":\"Soluciones en pilas, bater\u00edas y componentes electromec\u00e1nicos.\",\"publisher\":{\"@id\":\"https:\\\/\\\/rmelecom.com\\\/#organization\"},\"potentialAction\":[{\"@type\":\"SearchAction\",\"target\":{\"@type\":\"EntryPoint\",\"urlTemplate\":\"https:\\\/\\\/rmelecom.com\\\/?s={search_term_string}\"},\"query-input\":{\"@type\":\"PropertyValueSpecification\",\"valueRequired\":true,\"valueName\":\"search_term_string\"}}],\"inLanguage\":\"en-GB\"},{\"@type\":\"Organization\",\"@id\":\"https:\\\/\\\/rmelecom.com\\\/#organization\",\"name\":\"RM Electronics Components\",\"url\":\"https:\\\/\\\/rmelecom.com\\\/\",\"logo\":{\"@type\":\"ImageObject\",\"inLanguage\":\"en-GB\",\"@id\":\"https:\\\/\\\/rmelecom.com\\\/#\\\/schema\\\/logo\\\/image\\\/\",\"url\":\"https:\\\/\\\/rmelecom.com\\\/wp-content\\\/uploads\\\/2022\\\/10\\\/Mesa-de-trabajo-1.png\",\"contentUrl\":\"https:\\\/\\\/rmelecom.com\\\/wp-content\\\/uploads\\\/2022\\\/10\\\/Mesa-de-trabajo-1.png\",\"width\":1080,\"height\":1080,\"caption\":\"RM Electronics Components\"},\"image\":{\"@id\":\"https:\\\/\\\/rmelecom.com\\\/#\\\/schema\\\/logo\\\/image\\\/\"},\"sameAs\":[\"https:\\\/\\\/www.facebook.com\\\/profile.php?id=100090814748201\"]}]}<\/script>\n<!-- \/ Yoast SEO Premium plugin. -->","yoast_head_json":{"title":"Noticias - RM Electronics Components","robots":{"index":"index","follow":"follow","max-snippet":"max-snippet:-1","max-image-preview":"max-image-preview:large","max-video-preview":"max-video-preview:-1"},"canonical":"https:\/\/rmelecom.com\/en\/noticias\/","og_locale":"en_GB","og_type":"article","og_title":"Noticias","og_description":"Noticias","og_url":"https:\/\/rmelecom.com\/en\/noticias\/","og_site_name":"RM Electronics Components","article_publisher":"https:\/\/www.facebook.com\/profile.php?id=100090814748201","article_modified_time":"2024-07-02T11:36:39+00:00","twitter_card":"summary_large_image","twitter_misc":{"Est. reading time":"20 minutes"},"schema":{"@context":"https:\/\/schema.org","@graph":[{"@type":"WebPage","@id":"https:\/\/rmelecom.com\/noticias\/","url":"https:\/\/rmelecom.com\/noticias\/","name":"Noticias - RM Electronics Components","isPartOf":{"@id":"https:\/\/rmelecom.com\/#website"},"datePublished":"2022-11-09T23:14:46+00:00","dateModified":"2024-07-02T11:36:39+00:00","breadcrumb":{"@id":"https:\/\/rmelecom.com\/noticias\/#breadcrumb"},"inLanguage":"en-GB","potentialAction":[{"@type":"ReadAction","target":["https:\/\/rmelecom.com\/noticias\/"]}]},{"@type":"BreadcrumbList","@id":"https:\/\/rmelecom.com\/noticias\/#breadcrumb","itemListElement":[{"@type":"ListItem","position":1,"name":"Portada","item":"https:\/\/rmelecom.com\/"},{"@type":"ListItem","position":2,"name":"Noticias"}]},{"@type":"WebSite","@id":"https:\/\/rmelecom.com\/#website","url":"https:\/\/rmelecom.com\/","name":"RM Electronics Components","description":"Soluciones en pilas, bater\u00edas y componentes electromec\u00e1nicos.","publisher":{"@id":"https:\/\/rmelecom.com\/#organization"},"potentialAction":[{"@type":"SearchAction","target":{"@type":"EntryPoint","urlTemplate":"https:\/\/rmelecom.com\/?s={search_term_string}"},"query-input":{"@type":"PropertyValueSpecification","valueRequired":true,"valueName":"search_term_string"}}],"inLanguage":"en-GB"},{"@type":"Organization","@id":"https:\/\/rmelecom.com\/#organization","name":"RM Electronics Components","url":"https:\/\/rmelecom.com\/","logo":{"@type":"ImageObject","inLanguage":"en-GB","@id":"https:\/\/rmelecom.com\/#\/schema\/logo\/image\/","url":"https:\/\/rmelecom.com\/wp-content\/uploads\/2022\/10\/Mesa-de-trabajo-1.png","contentUrl":"https:\/\/rmelecom.com\/wp-content\/uploads\/2022\/10\/Mesa-de-trabajo-1.png","width":1080,"height":1080,"caption":"RM Electronics Components"},"image":{"@id":"https:\/\/rmelecom.com\/#\/schema\/logo\/image\/"},"sameAs":["https:\/\/www.facebook.com\/profile.php?id=100090814748201"]}]}},"_links":{"self":[{"href":"https:\/\/rmelecom.com\/en\/wp-json\/wp\/v2\/pages\/595","targetHints":{"allow":["GET"]}}],"collection":[{"href":"https:\/\/rmelecom.com\/en\/wp-json\/wp\/v2\/pages"}],"about":[{"href":"https:\/\/rmelecom.com\/en\/wp-json\/wp\/v2\/types\/page"}],"author":[{"embeddable":true,"href":"https:\/\/rmelecom.com\/en\/wp-json\/wp\/v2\/users\/1"}],"replies":[{"embeddable":true,"href":"https:\/\/rmelecom.com\/en\/wp-json\/wp\/v2\/comments?post=595"}],"version-history":[{"count":34,"href":"https:\/\/rmelecom.com\/en\/wp-json\/wp\/v2\/pages\/595\/revisions"}],"predecessor-version":[{"id":2633,"href":"https:\/\/rmelecom.com\/en\/wp-json\/wp\/v2\/pages\/595\/revisions\/2633"}],"wp:attachment":[{"href":"https:\/\/rmelecom.com\/en\/wp-json\/wp\/v2\/media?parent=595"}],"curies":[{"name":"wp","href":"https:\/\/api.w.org\/{rel}","templated":true}]}}